{"id":13428,"date":"2026-06-16T08:05:52","date_gmt":"2026-06-16T06:05:52","guid":{"rendered":"https:\/\/pays-denhaut.ch\/points-d-interet\/cafe-du-cerf\/"},"modified":"2026-07-02T10:10:53","modified_gmt":"2026-07-02T08:10:53","slug":"cafe-du-cerf","status":"publish","type":"highlight","link":"https:\/\/pays-denhaut.ch\/en\/points-d-interet\/cafe-du-cerf\/","title":{"rendered":"Caf\u00e9 du Cerf"},"template":"","class_list":["post-13428","highlight","type-highlight","status-publish","has-post-thumbnail","hentry"],"acf":{"poi_carousel_title":"Caf\u00e9 du Cerf in images","poi_descr":"<p>The Caf\u00e9 du Cerf in Rougemont welcomes you with great pleasure in a warm and authentic atmosphere. Enjoy simple and typical dishes with an exceptional quality!<\/p>\n","poi_excerpt":"The Caf\u00e9 du Cerf in Rougemont welcomes you with great pleasure in a warm and authentic atmosphere.","poi_intro_intro":"<p>The specialists say that they eat the best fondue in the region, but shhh! this is a good tip to keep to yourself&#8230; In an authentic atmosphere that takes you to a higher altitude and out of time, the Caf\u00e9 du Cerf is indeed renowned for its cheese dishes (fondues, raclettes).<\/p>\n<p>Chef propose you many dishes that are as beautiful as they are delicious. Don&#8217;t miss his famous Malakoff with cheese recipe or the succulent wild chard tart. Most of the products used in the Cerf&#8217;s kitchens are regional and are registered under the &#8220;Pays-d&#8217;Enhaut Produits Authentiques&#8221; brand.<\/p>\n<p>And how can you not enjoy a dessert in the sun on the terrace! The view of the R\u00fcbli, the emblematic mountain, is a luxury that the restaurant cherishes.<\/p>\n","poi_practice":"<p>RECOMMENDATIONS<\/p>\n<p>&#8211; accessible for people with reduced mobility<br \/>\n&#8211; suitable for families<br \/>\n&#8211; reservation recommended and only by phone<br \/>\n&#8211; regular musical evenings are organised<\/p>\n<p>ACCESS<\/p>\n<p>&#8211; by car: pay parking at the municipal building or free parking at the station.<br \/>\n&#8211; by public transport: via the MOB train line (stop &#8220;Gare de Rougemont&#8221;). 5 minutes walk to the restaurant.<\/p>\n<p>TIMETABLE<\/p>\n<p>&#8211; high season: every day from 11am<br \/>\n&#8211; low season: closed on Tuesdays<\/p>\n","poi_place_label":"Caf\u00e9 du Cerf","poi_place_url":"https:\/\/www.google.com\/maps\/search\/?api=1&query=Caf%C3%A9+du+Cerf","poi_web_label":"http:\/\/lecerfrougemont.ch\/","poi_web_url":"http:\/\/lecerfrougemont.ch\/","poi_mail_label":"info@lecerfrougemont.ch","poi_mail_url":"info@lecerfrougemont.ch","poi_phone_label":"+41 26 925 81 23","poi_phone_url":"+41 26 925 81 23","poi_steps":[{"id":"01kbq6nsxwxftpm8044wp18y51","long":"7.2107673785649","lat":"46.489739963441","name":"Caf\u00e9 du Cerf","tag":"","descr":"","img":false,"address_name":"Caf\u00e9 du Cerf","address_street":"Rue des Allamans 8, 1659 Rougemont","address_url":""}],"has_offer":false,"poi_img":"https:\/\/pays-denhaut.ch\/wp-content\/uploads\/2026\/04\/01kbq6wryq05pms3zrqp3kbdd8-69e9ea6a7e2db.jpg","poi_carousel":[{"ID":12159,"id":12159,"title":"Caf\u00e9 du Cerf - Image 1","filename":"01kbq6r2mm0atb66e4910hk27h-69e9ea6cc6b2f.png","filesize":2084831,"url":"https:\/\/pays-denhaut.ch\/wp-content\/uploads\/2026\/04\/01kbq6r2mm0atb66e4910hk27h-69e9ea6cc6b2f.png","link":"https:\/\/pays-denhaut.ch\/en\/points-d-interet\/cafe-du-cerf\/attachment\/cafe-du-cerf-image-1-2\/","alt":"Salle 1er \u00e9tage du Caf\u00e9 du Cerf sans clients - pas de saison - Rougemont - Hanna B\u00fcker","author":"0","description":"","caption":"Hanna B\u00fcker","name":"cafe-du-cerf-image-1-2","status":"inherit","uploaded_to":5843,"date":"2026-04-23 09:46:22","modified":"2026-08-27 14:28:00","menu_order":0,"mime_type":"image\/png","type":"image","subtype":"png","icon":"https:\/\/pays-denhaut.ch\/wp-includes\/images\/media\/default.png","width":1500,"height":900,"sizes":{"thumbnail":"https:\/\/pays-denhaut.ch\/wp-content\/uploads\/2026\/04\/01kbq6r2mm0atb66e4910hk27h-69e9ea6cc6b2f-150x150.png","thumbnail-width":150,"thumbnail-height":150,"medium":"https:\/\/pays-denhaut.ch\/wp-content\/uploads\/2026\/04\/01kbq6r2mm0atb66e4910hk27h-69e9ea6cc6b2f-300x180.png","medium-width":300,"medium-height":180,"medium_large":"https:\/\/pays-denhaut.ch\/wp-content\/uploads\/2026\/04\/01kbq6r2mm0atb66e4910hk27h-69e9ea6cc6b2f-768x461.png","medium_large-width":768,"medium_large-height":461,"large":"https:\/\/pays-denhaut.ch\/wp-content\/uploads\/2026\/04\/01kbq6r2mm0atb66e4910hk27h-69e9ea6cc6b2f-1024x614.png","large-width":1024,"large-height":614,"1536x1536":"https:\/\/pays-denhaut.ch\/wp-content\/uploads\/2026\/04\/01kbq6r2mm0atb66e4910hk27h-69e9ea6cc6b2f.png","1536x1536-width":1500,"1536x1536-height":900,"2048x2048":"https:\/\/pays-denhaut.ch\/wp-content\/uploads\/2026\/04\/01kbq6r2mm0atb66e4910hk27h-69e9ea6cc6b2f.png","2048x2048-width":1500,"2048x2048-height":900,"gform-image-choice-sm":"https:\/\/pays-denhaut.ch\/wp-content\/uploads\/2026\/04\/01kbq6r2mm0atb66e4910hk27h-69e9ea6cc6b2f.png","gform-image-choice-sm-width":300,"gform-image-choice-sm-height":180,"gform-image-choice-md":"https:\/\/pays-denhaut.ch\/wp-content\/uploads\/2026\/04\/01kbq6r2mm0atb66e4910hk27h-69e9ea6cc6b2f.png","gform-image-choice-md-width":400,"gform-image-choice-md-height":240,"gform-image-choice-lg":"https:\/\/pays-denhaut.ch\/wp-content\/uploads\/2026\/04\/01kbq6r2mm0atb66e4910hk27h-69e9ea6cc6b2f.png","gform-image-choice-lg-width":600,"gform-image-choice-lg-height":360}},{"ID":12160,"id":12160,"title":"Caf\u00e9 du Cerf - Image 2","filename":"01kbq6wrnyp1m4c9fd31p2pgze-69e9ea715920f.jpg","filesize":195710,"url":"https:\/\/pays-denhaut.ch\/wp-content\/uploads\/2026\/04\/01kbq6wrnyp1m4c9fd31p2pgze-69e9ea715920f.jpg","link":"https:\/\/pays-denhaut.ch\/en\/points-d-interet\/cafe-du-cerf\/attachment\/cafe-du-cerf-image-2-2\/","alt":"assiette croute au fromage avec verre vin rouge du Caf\u00e9 du Cerf - pas de saison - Rougemont - Hanna B\u00fcker","author":"0","description":"","caption":"Hanna B\u00fcker","name":"cafe-du-cerf-image-2-2","status":"inherit","uploaded_to":5843,"date":"2026-04-23 09:46:26","modified":"2026-07-02 08:10:53","menu_order":0,"mime_type":"image\/jpeg","type":"image","subtype":"jpeg","icon":"https:\/\/pays-denhaut.ch\/wp-includes\/images\/media\/default.png","width":1500,"height":1000,"sizes":{"thumbnail":"https:\/\/pays-denhaut.ch\/wp-content\/uploads\/2026\/04\/01kbq6wrnyp1m4c9fd31p2pgze-69e9ea715920f-150x150.jpg","thumbnail-width":150,"thumbnail-height":150,"medium":"https:\/\/pays-denhaut.ch\/wp-content\/uploads\/2026\/04\/01kbq6wrnyp1m4c9fd31p2pgze-69e9ea715920f-300x200.jpg","medium-width":300,"medium-height":200,"medium_large":"https:\/\/pays-denhaut.ch\/wp-content\/uploads\/2026\/04\/01kbq6wrnyp1m4c9fd31p2pgze-69e9ea715920f-768x512.jpg","medium_large-width":768,"medium_large-height":512,"large":"https:\/\/pays-denhaut.ch\/wp-content\/uploads\/2026\/04\/01kbq6wrnyp1m4c9fd31p2pgze-69e9ea715920f-1024x683.jpg","large-width":1024,"large-height":683,"1536x1536":"https:\/\/pays-denhaut.ch\/wp-content\/uploads\/2026\/04\/01kbq6wrnyp1m4c9fd31p2pgze-69e9ea715920f.jpg","1536x1536-width":1500,"1536x1536-height":1000,"2048x2048":"https:\/\/pays-denhaut.ch\/wp-content\/uploads\/2026\/04\/01kbq6wrnyp1m4c9fd31p2pgze-69e9ea715920f.jpg","2048x2048-width":1500,"2048x2048-height":1000,"gform-image-choice-sm":"https:\/\/pays-denhaut.ch\/wp-content\/uploads\/2026\/04\/01kbq6wrnyp1m4c9fd31p2pgze-69e9ea715920f.jpg","gform-image-choice-sm-width":300,"gform-image-choice-sm-height":200,"gform-image-choice-md":"https:\/\/pays-denhaut.ch\/wp-content\/uploads\/2026\/04\/01kbq6wrnyp1m4c9fd31p2pgze-69e9ea715920f.jpg","gform-image-choice-md-width":400,"gform-image-choice-md-height":267,"gform-image-choice-lg":"https:\/\/pays-denhaut.ch\/wp-content\/uploads\/2026\/04\/01kbq6wrnyp1m4c9fd31p2pgze-69e9ea715920f.jpg","gform-image-choice-lg-width":600,"gform-image-choice-lg-height":400}}]},"yoast_head":"<!-- This site is optimized with the Yoast SEO plugin v28.0 - https:\/\/yoast.com\/product\/yoast-seo-wordpress\/ -->\n<title>Caf\u00e9 du Cerf | Pays d&#039;Enhaut<\/title>\n<meta name=\"robots\" content=\"index, follow, max-snippet:-1, max-image-preview:large, max-video-preview:-1\" \/>\n<link rel=\"canonical\" href=\"https:\/\/pays-denhaut.ch\/en\/points-d-interet\/cafe-du-cerf\/\" \/>\n<meta property=\"og:locale\" content=\"en_US\" \/>\n<meta property=\"og:type\" content=\"article\" \/>\n<meta property=\"og:title\" content=\"Caf\u00e9 du Cerf | Pays d&#039;Enhaut\" \/>\n<meta property=\"og:description\" content=\"The Caf\u00e9 du Cerf in Rougemont welcomes you with great pleasure in a warm and authentic atmosphere.\" \/>\n<meta property=\"og:url\" content=\"https:\/\/pays-denhaut.ch\/en\/points-d-interet\/cafe-du-cerf\/\" \/>\n<meta property=\"og:site_name\" content=\"Pays d&#039;Enhaut\" \/>\n<meta property=\"article:modified_time\" content=\"2026-07-02T08:10:53+00:00\" \/>\n<meta name=\"twitter:card\" content=\"summary_large_image\" \/>\n<script type=\"application\/ld+json\" class=\"yoast-schema-graph\">{\"@context\":\"https:\\\/\\\/schema.org\",\"@graph\":[{\"@type\":\"WebPage\",\"@id\":\"https:\\\/\\\/pays-denhaut.ch\\\/en\\\/points-d-interet\\\/cafe-du-cerf\\\/\",\"url\":\"https:\\\/\\\/pays-denhaut.ch\\\/en\\\/points-d-interet\\\/cafe-du-cerf\\\/\",\"name\":\"Caf\u00e9 du Cerf | Pays d&#039;Enhaut\",\"isPartOf\":{\"@id\":\"https:\\\/\\\/pays-denhaut.ch\\\/#website\"},\"primaryImageOfPage\":{\"@id\":\"https:\\\/\\\/pays-denhaut.ch\\\/en\\\/points-d-interet\\\/cafe-du-cerf\\\/#primaryimage\"},\"image\":{\"@id\":\"https:\\\/\\\/pays-denhaut.ch\\\/en\\\/points-d-interet\\\/cafe-du-cerf\\\/#primaryimage\"},\"thumbnailUrl\":\"https:\\\/\\\/pays-denhaut.ch\\\/wp-content\\\/uploads\\\/2026\\\/04\\\/01kbq6wryq05pms3zrqp3kbdd8-69e9ea6a7e2db.jpg\",\"datePublished\":\"2026-06-16T06:05:52+00:00\",\"dateModified\":\"2026-07-02T08:10:53+00:00\",\"breadcrumb\":{\"@id\":\"https:\\\/\\\/pays-denhaut.ch\\\/en\\\/points-d-interet\\\/cafe-du-cerf\\\/#breadcrumb\"},\"inLanguage\":\"en-US\",\"potentialAction\":[{\"@type\":\"ReadAction\",\"target\":[\"https:\\\/\\\/pays-denhaut.ch\\\/en\\\/points-d-interet\\\/cafe-du-cerf\\\/\"]}]},{\"@type\":\"ImageObject\",\"inLanguage\":\"en-US\",\"@id\":\"https:\\\/\\\/pays-denhaut.ch\\\/en\\\/points-d-interet\\\/cafe-du-cerf\\\/#primaryimage\",\"url\":\"https:\\\/\\\/pays-denhaut.ch\\\/wp-content\\\/uploads\\\/2026\\\/04\\\/01kbq6wryq05pms3zrqp3kbdd8-69e9ea6a7e2db.jpg\",\"contentUrl\":\"https:\\\/\\\/pays-denhaut.ch\\\/wp-content\\\/uploads\\\/2026\\\/04\\\/01kbq6wryq05pms3zrqp3kbdd8-69e9ea6a7e2db.jpg\",\"width\":1500,\"height\":2250,\"caption\":\"DSC02115\"},{\"@type\":\"BreadcrumbList\",\"@id\":\"https:\\\/\\\/pays-denhaut.ch\\\/en\\\/points-d-interet\\\/cafe-du-cerf\\\/#breadcrumb\",\"itemListElement\":[{\"@type\":\"ListItem\",\"position\":1,\"name\":\"Accueil\",\"item\":\"https:\\\/\\\/pays-denhaut.ch\\\/en\\\/\"},{\"@type\":\"ListItem\",\"position\":2,\"name\":\"Points d'int\u00e9r\u00eat\",\"item\":\"https:\\\/\\\/pays-denhaut.ch\\\/points-d-interet\\\/\"},{\"@type\":\"ListItem\",\"position\":3,\"name\":\"Caf\u00e9 du Cerf\"}]},{\"@type\":\"WebSite\",\"@id\":\"https:\\\/\\\/pays-denhaut.ch\\\/#website\",\"url\":\"https:\\\/\\\/pays-denhaut.ch\\\/\",\"name\":\"Pays d'Enhaut\",\"description\":\"\",\"potentialAction\":[{\"@type\":\"SearchAction\",\"target\":{\"@type\":\"EntryPoint\",\"urlTemplate\":\"https:\\\/\\\/pays-denhaut.ch\\\/?s={search_term_string}\"},\"query-input\":{\"@type\":\"PropertyValueSpecification\",\"valueRequired\":true,\"valueName\":\"search_term_string\"}}],\"inLanguage\":\"en-US\"}]}<\/script>\n<!-- \/ Yoast SEO plugin. -->","yoast_head_json":{"title":"Caf\u00e9 du Cerf | Pays d&#039;Enhaut","robots":{"index":"index","follow":"follow","max-snippet":"max-snippet:-1","max-image-preview":"max-image-preview:large","max-video-preview":"max-video-preview:-1"},"canonical":"https:\/\/pays-denhaut.ch\/en\/points-d-interet\/cafe-du-cerf\/","og_locale":"en_US","og_type":"article","og_title":"Caf\u00e9 du Cerf | Pays d&#039;Enhaut","og_description":"The Caf\u00e9 du Cerf in Rougemont welcomes you with great pleasure in a warm and authentic atmosphere.","og_url":"https:\/\/pays-denhaut.ch\/en\/points-d-interet\/cafe-du-cerf\/","og_site_name":"Pays d&#039;Enhaut","article_modified_time":"2026-07-02T08:10:53+00:00","twitter_card":"summary_large_image","schema":{"@context":"https:\/\/schema.org","@graph":[{"@type":"WebPage","@id":"https:\/\/pays-denhaut.ch\/en\/points-d-interet\/cafe-du-cerf\/","url":"https:\/\/pays-denhaut.ch\/en\/points-d-interet\/cafe-du-cerf\/","name":"Caf\u00e9 du Cerf | Pays d&#039;Enhaut","isPartOf":{"@id":"https:\/\/pays-denhaut.ch\/#website"},"primaryImageOfPage":{"@id":"https:\/\/pays-denhaut.ch\/en\/points-d-interet\/cafe-du-cerf\/#primaryimage"},"image":{"@id":"https:\/\/pays-denhaut.ch\/en\/points-d-interet\/cafe-du-cerf\/#primaryimage"},"thumbnailUrl":"https:\/\/pays-denhaut.ch\/wp-content\/uploads\/2026\/04\/01kbq6wryq05pms3zrqp3kbdd8-69e9ea6a7e2db.jpg","datePublished":"2026-06-16T06:05:52+00:00","dateModified":"2026-07-02T08:10:53+00:00","breadcrumb":{"@id":"https:\/\/pays-denhaut.ch\/en\/points-d-interet\/cafe-du-cerf\/#breadcrumb"},"inLanguage":"en-US","potentialAction":[{"@type":"ReadAction","target":["https:\/\/pays-denhaut.ch\/en\/points-d-interet\/cafe-du-cerf\/"]}]},{"@type":"ImageObject","inLanguage":"en-US","@id":"https:\/\/pays-denhaut.ch\/en\/points-d-interet\/cafe-du-cerf\/#primaryimage","url":"https:\/\/pays-denhaut.ch\/wp-content\/uploads\/2026\/04\/01kbq6wryq05pms3zrqp3kbdd8-69e9ea6a7e2db.jpg","contentUrl":"https:\/\/pays-denhaut.ch\/wp-content\/uploads\/2026\/04\/01kbq6wryq05pms3zrqp3kbdd8-69e9ea6a7e2db.jpg","width":1500,"height":2250,"caption":"DSC02115"},{"@type":"BreadcrumbList","@id":"https:\/\/pays-denhaut.ch\/en\/points-d-interet\/cafe-du-cerf\/#breadcrumb","itemListElement":[{"@type":"ListItem","position":1,"name":"Accueil","item":"https:\/\/pays-denhaut.ch\/en\/"},{"@type":"ListItem","position":2,"name":"Points d'int\u00e9r\u00eat","item":"https:\/\/pays-denhaut.ch\/points-d-interet\/"},{"@type":"ListItem","position":3,"name":"Caf\u00e9 du Cerf"}]},{"@type":"WebSite","@id":"https:\/\/pays-denhaut.ch\/#website","url":"https:\/\/pays-denhaut.ch\/","name":"Pays d'Enhaut","description":"","potentialAction":[{"@type":"SearchAction","target":{"@type":"EntryPoint","urlTemplate":"https:\/\/pays-denhaut.ch\/?s={search_term_string}"},"query-input":{"@type":"PropertyValueSpecification","valueRequired":true,"valueName":"search_term_string"}}],"inLanguage":"en-US"}]}},"_links":{"self":[{"href":"https:\/\/pays-denhaut.ch\/en\/wp-json\/wp\/v2\/highlight\/13428","targetHints":{"allow":["GET"]}}],"collection":[{"href":"https:\/\/pays-denhaut.ch\/en\/wp-json\/wp\/v2\/highlight"}],"about":[{"href":"https:\/\/pays-denhaut.ch\/en\/wp-json\/wp\/v2\/types\/highlight"}],"wp:featuredmedia":[{"embeddable":true,"href":"https:\/\/pays-denhaut.ch\/en\/wp-json\/wp\/v2\/media\/12158"}],"wp:attachment":[{"href":"https:\/\/pays-denhaut.ch\/en\/wp-json\/wp\/v2\/media?parent=13428"}],"curies":[{"name":"wp","href":"https:\/\/api.w.org\/{rel}","templated":true}]}}