{"id":13384,"date":"2026-06-16T08:00:25","date_gmt":"2026-06-16T06:00:25","guid":{"rendered":"https:\/\/pays-denhaut.ch\/points-d-interet\/rougemont-la-videmanette-cable-car-in-summer\/"},"modified":"2026-08-25T15:52:55","modified_gmt":"2026-08-25T13:52:55","slug":"rougemont-la-videmanette-cable-car-in-summer","status":"publish","type":"highlight","link":"https:\/\/pays-denhaut.ch\/en\/points-d-interet\/rougemont-la-videmanette-cable-car-in-summer\/","title":{"rendered":"Rougemont &#8211; La Videmanette cable car in Summer"},"template":"","class_list":["post-13384","highlight","type-highlight","status-publish","has-post-thumbnail","hentry"],"acf":{"poi_carousel_title":"Rougemont - La Videmanette cable car in Summer in images","poi_descr":"<p>The Rougemont-La Videmanette cable car ( 8-seat gondolas) takes you in just 10 minutes to the top at over 2&#8217;200m !<\/p>\n","poi_excerpt":"The Rougemont-La Videmanette cable car ( 8-seat gondolas) takes you in just 10 minutes to the top at over 2'200m !","poi_intro_intro":"<p>After enjoying the ascent in these panoramic cabins, let yourself be seduced by the view from the top. Between the Bernese mountains, the view of the village of Rougemont and the Pierreuse Nature Reserve, you won&#039;t want to go down again !<\/p>\n<p>The summit station is an ideal starting point for hikers and mountain bikers. Climbing fans will find their happiness on the Rubli right next to the station : 3 climbing routes of varying degrees of difficulty are available to them.<\/p>\n<p>Can you see colourful gliders spread out in the grass ? A paraglider take-off could be in preparation&#8230; Sit back and enjoy the spectacle of these unusual birds ! The Videmanette is also a perfect playground for these sportsmen.<\/p>\n<p>For those who are a little hungry, the Videmanette&#039;s restaurant and its panoramic terrace will be able to satisfy your request.<\/p>\n","poi_practice":"<p><strong>Access<\/strong><br \/>Parking is available at the ski lift base. Rates are charged by the hour; a full day costs CHF 7.<br \/>The station is also less than a 5-minute walk from the train station.<\/p>\n<p><strong>Tickets<\/strong><br \/>From this summer, tickets for the La Videmanette cable cars are available online via the Ticketcorner Shop:<br \/><a href=\"https:\/\/gstaad.ticketcorner.ch\/de\/gstaad\/bergresort-123\/ticket\" target=\"_blank\" rel=\"noopener noreferrer nofollow\">https:\/\/gstaad.ticketcorner.ch\/de\/gstaad\/bergresort-123\/ticket<\/a><\/p>\n<p><strong>Pass d\u2019Enhaut offer<\/strong><br \/>During your stay in the Pays-d\u2019Enhaut, pick up your Pass d\u2019Enhaut at the tourist office and enjoy a special offer on cable car tickets: CHF 19.- per adult and CHF 9.- per child.<\/p>\n","poi_place_label":"Remont\u00e9es m\u00e9caniques de Rougemont - La Videmanette","poi_place_url":"https:\/\/www.google.com\/maps\/search\/?api=1&query=Remont%C3%A9es+m%C3%A9caniques+de+Rougemont+-+La+Videmanette","poi_web_label":"https:\/\/bergbahnen-gstaad.ch\/fr\/ete","poi_web_url":"https:\/\/bergbahnen-gstaad.ch\/fr\/ete","poi_mail_label":"info@bergbahnen-gstaad.ch","poi_mail_url":"info@bergbahnen-gstaad.ch","poi_phone_label":"+41337488737","poi_phone_url":"+41337488737","poi_steps":[{"id":"01kbq6nqjhryvfghh3n14cnmsh","long":"7.2085757999957","lat":"46.485733211648","name":"Remont\u00e9es m\u00e9caniques de Rougemont - La Videmanette","tag":"","descr":"","img":false,"address_name":"Remont\u00e9es m\u00e9caniques de Rougemont - La Videmanette","address_street":"Le Revers, 1659 Rougemont","address_url":""}],"poi_contact":[{"poi_contact_id":"01kbq6nqj2brvbbhxhveknybys","poi_contact_name":"Bergbahnen Destination Gstaad AG","poi_contact_label":"https:\/\/bergbahnen-gstaad.ch\/","poi_contact_url":"https:\/\/bergbahnen-gstaad.ch\/","poi_contact_mail":"info@bergbahnen-gstaad.ch","poi_contact_phone":"+41 33 748 87 37","poi_address_name":"Bergbahnen Destination Gstaad AG","poi_address_street":"Egglistrasse 43, 3780 Gstaad, CH","poi_address_url":"","poi_socials":false}],"poi_dates":[{"start_date":"20260627","end_date":"20260830","schedules":[{"day":"monday","start_hour":"09:00:00","end_hour":"16:30:00"},{"day":"tuesday","start_hour":"09:00:00","end_hour":"16:30:00"},{"day":"wednesday","start_hour":"09:00:00","end_hour":"16:30:00"},{"day":"thursday","start_hour":"09:00:00","end_hour":"16:30:00"},{"day":"friday","start_hour":"09:00:00","end_hour":"16:30:00"},{"day":"saturday","start_hour":"09:00:00","end_hour":"16:30:00"},{"day":"sunday","start_hour":"09:00:00","end_hour":"16:30:00"}]},{"start_date":"20260831","end_date":"20260914","schedules":[{"day":"saturday","start_hour":"09:00:00","end_hour":"16:30:00"},{"day":"sunday","start_hour":"09:00:00","end_hour":"16:30:00"}]},{"start_date":"20260915","end_date":"20260921","schedules":[{"day":"saturday","start_hour":"09:00:00","end_hour":"16:30:00"},{"day":"sunday","start_hour":"09:00:00","end_hour":"16:30:00"},{"day":"monday","start_hour":"09:00:00","end_hour":"16:30:00"}]},{"start_date":"20260922","end_date":"20260927","schedules":[{"day":"saturday","start_hour":"09:00:00","end_hour":"16:30:00"},{"day":"sunday","start_hour":"09:00:00","end_hour":"16:30:00"}]}],"poi_prices":[{"public":"Prices","price":"<ul><li><strong>Adults - single<\/strong> : 34 CHF<\/li><li><strong>Adults - return<\/strong> : 48 CHF<\/li><li><strong>Children (6-15 years old) \/ half price and GA - single<\/strong> : 17 CHF<\/li><li><strong>Children (6-15 years old) \/ half price and GA - return<\/strong> : 24 CHF<\/li><\/ul>"}],"icon_accessibility":[{"icon":"AT75"},{"icon":"AT76"},{"icon":"AT77"}],"poi_url_id":"https:\/\/zuerst.proinfirmis.ch\/pois\/detail\/14900","has_offer":false,"poi_credit":"Cindy Morier","poi_img":"https:\/\/pays-denhaut.ch\/wp-content\/uploads\/2026\/04\/01kbq6watz7qfhc9g51whvf5dr-69e9eb64bd3df.jpg","poi_carousel":[{"ID":12184,"id":12184,"title":"Remont\u00e9es m\u00e9caniques de Rougemont - La Videmanette en \u00e9t\u00e9 - Image 1","filename":"01kbq6rstyth45hwfssn7b1p50-69e9eb65a060b.png","filesize":311306,"url":"https:\/\/pays-denhaut.ch\/wp-content\/uploads\/2026\/04\/01kbq6rstyth45hwfssn7b1p50-69e9eb65a060b.png","link":"https:\/\/pays-denhaut.ch\/en\/points-d-interet\/remontees-mecaniques-de-rougemont-la-videmanette-en-ete\/attachment\/remontees-mecaniques-de-rougemont-la-videmanette-en-ete-image-1-2\/","alt":"View on the Via Ferrata et le R\u00fcbli - summer - Rougemont - Visualp","author":"0","description":"","caption":"Visualps.ch","name":"remontees-mecaniques-de-rougemont-la-videmanette-en-ete-image-1-2","status":"inherit","uploaded_to":5784,"date":"2026-04-23 09:50:30","modified":"2026-08-25 13:52:54","menu_order":0,"mime_type":"image\/png","type":"image","subtype":"png","icon":"https:\/\/pays-denhaut.ch\/wp-includes\/images\/media\/default.png","width":1500,"height":900,"sizes":{"thumbnail":"https:\/\/pays-denhaut.ch\/wp-content\/uploads\/2026\/04\/01kbq6rstyth45hwfssn7b1p50-69e9eb65a060b-150x150.png","thumbnail-width":150,"thumbnail-height":150,"medium":"https:\/\/pays-denhaut.ch\/wp-content\/uploads\/2026\/04\/01kbq6rstyth45hwfssn7b1p50-69e9eb65a060b-300x180.png","medium-width":300,"medium-height":180,"medium_large":"https:\/\/pays-denhaut.ch\/wp-content\/uploads\/2026\/04\/01kbq6rstyth45hwfssn7b1p50-69e9eb65a060b-768x461.png","medium_large-width":768,"medium_large-height":461,"large":"https:\/\/pays-denhaut.ch\/wp-content\/uploads\/2026\/04\/01kbq6rstyth45hwfssn7b1p50-69e9eb65a060b-1024x614.png","large-width":1024,"large-height":614,"1536x1536":"https:\/\/pays-denhaut.ch\/wp-content\/uploads\/2026\/04\/01kbq6rstyth45hwfssn7b1p50-69e9eb65a060b.png","1536x1536-width":1500,"1536x1536-height":900,"2048x2048":"https:\/\/pays-denhaut.ch\/wp-content\/uploads\/2026\/04\/01kbq6rstyth45hwfssn7b1p50-69e9eb65a060b.png","2048x2048-width":1500,"2048x2048-height":900,"gform-image-choice-sm":"https:\/\/pays-denhaut.ch\/wp-content\/uploads\/2026\/04\/01kbq6rstyth45hwfssn7b1p50-69e9eb65a060b.png","gform-image-choice-sm-width":300,"gform-image-choice-sm-height":180,"gform-image-choice-md":"https:\/\/pays-denhaut.ch\/wp-content\/uploads\/2026\/04\/01kbq6rstyth45hwfssn7b1p50-69e9eb65a060b.png","gform-image-choice-md-width":400,"gform-image-choice-md-height":240,"gform-image-choice-lg":"https:\/\/pays-denhaut.ch\/wp-content\/uploads\/2026\/04\/01kbq6rstyth45hwfssn7b1p50-69e9eb65a060b.png","gform-image-choice-lg-width":600,"gform-image-choice-lg-height":360}},{"ID":12185,"id":12185,"title":"Remont\u00e9es m\u00e9caniques de Rougemont - La Videmanette en \u00e9t\u00e9 - Image 3","filename":"01kbq6r69mzj3wq6pn45ew5hjh-69e9eb66ddc67.JPEG","filesize":328484,"url":"https:\/\/pays-denhaut.ch\/wp-content\/uploads\/2026\/04\/01kbq6r69mzj3wq6pn45ew5hjh-69e9eb66ddc67.JPEG","link":"https:\/\/pays-denhaut.ch\/en\/points-d-interet\/remontees-mecaniques-de-rougemont-la-videmanette-en-ete\/attachment\/remontees-mecaniques-de-rougemont-la-videmanette-en-ete-image-3-2\/","alt":"La Videmanette via ferrata","author":"0","description":"","caption":"Pays-d'Enhaut Tourisme","name":"remontees-mecaniques-de-rougemont-la-videmanette-en-ete-image-3-2","status":"inherit","uploaded_to":5784,"date":"2026-04-23 09:50:31","modified":"2026-08-25 13:52:55","menu_order":0,"mime_type":"image\/jpeg","type":"image","subtype":"jpeg","icon":"https:\/\/pays-denhaut.ch\/wp-includes\/images\/media\/default.png","width":1500,"height":1003,"sizes":{"thumbnail":"https:\/\/pays-denhaut.ch\/wp-content\/uploads\/2026\/04\/01kbq6r69mzj3wq6pn45ew5hjh-69e9eb66ddc67-150x150.jpeg","thumbnail-width":150,"thumbnail-height":150,"medium":"https:\/\/pays-denhaut.ch\/wp-content\/uploads\/2026\/04\/01kbq6r69mzj3wq6pn45ew5hjh-69e9eb66ddc67-300x201.jpeg","medium-width":300,"medium-height":201,"medium_large":"https:\/\/pays-denhaut.ch\/wp-content\/uploads\/2026\/04\/01kbq6r69mzj3wq6pn45ew5hjh-69e9eb66ddc67-768x514.jpeg","medium_large-width":768,"medium_large-height":514,"large":"https:\/\/pays-denhaut.ch\/wp-content\/uploads\/2026\/04\/01kbq6r69mzj3wq6pn45ew5hjh-69e9eb66ddc67-1024x685.jpeg","large-width":1024,"large-height":685,"1536x1536":"https:\/\/pays-denhaut.ch\/wp-content\/uploads\/2026\/04\/01kbq6r69mzj3wq6pn45ew5hjh-69e9eb66ddc67.JPEG","1536x1536-width":1500,"1536x1536-height":1003,"2048x2048":"https:\/\/pays-denhaut.ch\/wp-content\/uploads\/2026\/04\/01kbq6r69mzj3wq6pn45ew5hjh-69e9eb66ddc67.JPEG","2048x2048-width":1500,"2048x2048-height":1003,"gform-image-choice-sm":"https:\/\/pays-denhaut.ch\/wp-content\/uploads\/2026\/04\/01kbq6r69mzj3wq6pn45ew5hjh-69e9eb66ddc67.JPEG","gform-image-choice-sm-width":300,"gform-image-choice-sm-height":201,"gform-image-choice-md":"https:\/\/pays-denhaut.ch\/wp-content\/uploads\/2026\/04\/01kbq6r69mzj3wq6pn45ew5hjh-69e9eb66ddc67.JPEG","gform-image-choice-md-width":400,"gform-image-choice-md-height":267,"gform-image-choice-lg":"https:\/\/pays-denhaut.ch\/wp-content\/uploads\/2026\/04\/01kbq6r69mzj3wq6pn45ew5hjh-69e9eb66ddc67.JPEG","gform-image-choice-lg-width":600,"gform-image-choice-lg-height":401}}]},"yoast_head":"<!-- This site is optimized with the Yoast SEO plugin v28.0 - https:\/\/yoast.com\/product\/yoast-seo-wordpress\/ -->\n<title>Rougemont - La Videmanette cable car in Summer | Pays d&#039;Enhaut<\/title>\n<meta name=\"robots\" content=\"index, follow, max-snippet:-1, max-image-preview:large, max-video-preview:-1\" \/>\n<link rel=\"canonical\" href=\"https:\/\/pays-denhaut.ch\/en\/points-d-interet\/rougemont-la-videmanette-cable-car-in-summer\/\" \/>\n<meta property=\"og:locale\" content=\"en_US\" \/>\n<meta property=\"og:type\" content=\"article\" \/>\n<meta property=\"og:title\" content=\"Rougemont - La Videmanette cable car in Summer | Pays d&#039;Enhaut\" \/>\n<meta property=\"og:description\" content=\"The Rougemont-La Videmanette cable car ( 8-seat gondolas) takes you in just 10 minutes to the top at over 2&#8217;200m !\" \/>\n<meta property=\"og:url\" content=\"https:\/\/pays-denhaut.ch\/en\/points-d-interet\/rougemont-la-videmanette-cable-car-in-summer\/\" \/>\n<meta property=\"og:site_name\" content=\"Pays d&#039;Enhaut\" \/>\n<meta property=\"article:modified_time\" content=\"2026-08-25T13:52:55+00:00\" \/>\n<meta name=\"twitter:card\" content=\"summary_large_image\" \/>\n<script type=\"application\/ld+json\" class=\"yoast-schema-graph\">{\"@context\":\"https:\\\/\\\/schema.org\",\"@graph\":[{\"@type\":\"WebPage\",\"@id\":\"https:\\\/\\\/pays-denhaut.ch\\\/en\\\/points-d-interet\\\/rougemont-la-videmanette-cable-car-in-summer\\\/\",\"url\":\"https:\\\/\\\/pays-denhaut.ch\\\/en\\\/points-d-interet\\\/rougemont-la-videmanette-cable-car-in-summer\\\/\",\"name\":\"Rougemont - La Videmanette cable car in Summer | Pays d&#039;Enhaut\",\"isPartOf\":{\"@id\":\"https:\\\/\\\/pays-denhaut.ch\\\/#website\"},\"primaryImageOfPage\":{\"@id\":\"https:\\\/\\\/pays-denhaut.ch\\\/en\\\/points-d-interet\\\/rougemont-la-videmanette-cable-car-in-summer\\\/#primaryimage\"},\"image\":{\"@id\":\"https:\\\/\\\/pays-denhaut.ch\\\/en\\\/points-d-interet\\\/rougemont-la-videmanette-cable-car-in-summer\\\/#primaryimage\"},\"thumbnailUrl\":\"https:\\\/\\\/pays-denhaut.ch\\\/wp-content\\\/uploads\\\/2026\\\/04\\\/01kbq6watz7qfhc9g51whvf5dr-69e9eb64bd3df.jpg\",\"datePublished\":\"2026-06-16T06:00:25+00:00\",\"dateModified\":\"2026-08-25T13:52:55+00:00\",\"breadcrumb\":{\"@id\":\"https:\\\/\\\/pays-denhaut.ch\\\/en\\\/points-d-interet\\\/rougemont-la-videmanette-cable-car-in-summer\\\/#breadcrumb\"},\"inLanguage\":\"en-US\",\"potentialAction\":[{\"@type\":\"ReadAction\",\"target\":[\"https:\\\/\\\/pays-denhaut.ch\\\/en\\\/points-d-interet\\\/rougemont-la-videmanette-cable-car-in-summer\\\/\"]}]},{\"@type\":\"ImageObject\",\"inLanguage\":\"en-US\",\"@id\":\"https:\\\/\\\/pays-denhaut.ch\\\/en\\\/points-d-interet\\\/rougemont-la-videmanette-cable-car-in-summer\\\/#primaryimage\",\"url\":\"https:\\\/\\\/pays-denhaut.ch\\\/wp-content\\\/uploads\\\/2026\\\/04\\\/01kbq6watz7qfhc9g51whvf5dr-69e9eb64bd3df.jpg\",\"contentUrl\":\"https:\\\/\\\/pays-denhaut.ch\\\/wp-content\\\/uploads\\\/2026\\\/04\\\/01kbq6watz7qfhc9g51whvf5dr-69e9eb64bd3df.jpg\",\"width\":1500,\"height\":1125,\"caption\":\"Cindy Morier\"},{\"@type\":\"BreadcrumbList\",\"@id\":\"https:\\\/\\\/pays-denhaut.ch\\\/en\\\/points-d-interet\\\/rougemont-la-videmanette-cable-car-in-summer\\\/#breadcrumb\",\"itemListElement\":[{\"@type\":\"ListItem\",\"position\":1,\"name\":\"Accueil\",\"item\":\"https:\\\/\\\/pays-denhaut.ch\\\/en\\\/\"},{\"@type\":\"ListItem\",\"position\":2,\"name\":\"Points d'int\u00e9r\u00eat\",\"item\":\"https:\\\/\\\/pays-denhaut.ch\\\/points-d-interet\\\/\"},{\"@type\":\"ListItem\",\"position\":3,\"name\":\"Rougemont &#8211; La Videmanette cable car in Summer\"}]},{\"@type\":\"WebSite\",\"@id\":\"https:\\\/\\\/pays-denhaut.ch\\\/#website\",\"url\":\"https:\\\/\\\/pays-denhaut.ch\\\/\",\"name\":\"Pays d'Enhaut\",\"description\":\"\",\"potentialAction\":[{\"@type\":\"SearchAction\",\"target\":{\"@type\":\"EntryPoint\",\"urlTemplate\":\"https:\\\/\\\/pays-denhaut.ch\\\/?s={search_term_string}\"},\"query-input\":{\"@type\":\"PropertyValueSpecification\",\"valueRequired\":true,\"valueName\":\"search_term_string\"}}],\"inLanguage\":\"en-US\"}]}<\/script>\n<!-- \/ Yoast SEO plugin. -->","yoast_head_json":{"title":"Rougemont - La Videmanette cable car in Summer | Pays d&#039;Enhaut","robots":{"index":"index","follow":"follow","max-snippet":"max-snippet:-1","max-image-preview":"max-image-preview:large","max-video-preview":"max-video-preview:-1"},"canonical":"https:\/\/pays-denhaut.ch\/en\/points-d-interet\/rougemont-la-videmanette-cable-car-in-summer\/","og_locale":"en_US","og_type":"article","og_title":"Rougemont - La Videmanette cable car in Summer | Pays d&#039;Enhaut","og_description":"The Rougemont-La Videmanette cable car ( 8-seat gondolas) takes you in just 10 minutes to the top at over 2&#8217;200m !","og_url":"https:\/\/pays-denhaut.ch\/en\/points-d-interet\/rougemont-la-videmanette-cable-car-in-summer\/","og_site_name":"Pays d&#039;Enhaut","article_modified_time":"2026-08-25T13:52:55+00:00","twitter_card":"summary_large_image","schema":{"@context":"https:\/\/schema.org","@graph":[{"@type":"WebPage","@id":"https:\/\/pays-denhaut.ch\/en\/points-d-interet\/rougemont-la-videmanette-cable-car-in-summer\/","url":"https:\/\/pays-denhaut.ch\/en\/points-d-interet\/rougemont-la-videmanette-cable-car-in-summer\/","name":"Rougemont - La Videmanette cable car in Summer | Pays d&#039;Enhaut","isPartOf":{"@id":"https:\/\/pays-denhaut.ch\/#website"},"primaryImageOfPage":{"@id":"https:\/\/pays-denhaut.ch\/en\/points-d-interet\/rougemont-la-videmanette-cable-car-in-summer\/#primaryimage"},"image":{"@id":"https:\/\/pays-denhaut.ch\/en\/points-d-interet\/rougemont-la-videmanette-cable-car-in-summer\/#primaryimage"},"thumbnailUrl":"https:\/\/pays-denhaut.ch\/wp-content\/uploads\/2026\/04\/01kbq6watz7qfhc9g51whvf5dr-69e9eb64bd3df.jpg","datePublished":"2026-06-16T06:00:25+00:00","dateModified":"2026-08-25T13:52:55+00:00","breadcrumb":{"@id":"https:\/\/pays-denhaut.ch\/en\/points-d-interet\/rougemont-la-videmanette-cable-car-in-summer\/#breadcrumb"},"inLanguage":"en-US","potentialAction":[{"@type":"ReadAction","target":["https:\/\/pays-denhaut.ch\/en\/points-d-interet\/rougemont-la-videmanette-cable-car-in-summer\/"]}]},{"@type":"ImageObject","inLanguage":"en-US","@id":"https:\/\/pays-denhaut.ch\/en\/points-d-interet\/rougemont-la-videmanette-cable-car-in-summer\/#primaryimage","url":"https:\/\/pays-denhaut.ch\/wp-content\/uploads\/2026\/04\/01kbq6watz7qfhc9g51whvf5dr-69e9eb64bd3df.jpg","contentUrl":"https:\/\/pays-denhaut.ch\/wp-content\/uploads\/2026\/04\/01kbq6watz7qfhc9g51whvf5dr-69e9eb64bd3df.jpg","width":1500,"height":1125,"caption":"Cindy Morier"},{"@type":"BreadcrumbList","@id":"https:\/\/pays-denhaut.ch\/en\/points-d-interet\/rougemont-la-videmanette-cable-car-in-summer\/#breadcrumb","itemListElement":[{"@type":"ListItem","position":1,"name":"Accueil","item":"https:\/\/pays-denhaut.ch\/en\/"},{"@type":"ListItem","position":2,"name":"Points d'int\u00e9r\u00eat","item":"https:\/\/pays-denhaut.ch\/points-d-interet\/"},{"@type":"ListItem","position":3,"name":"Rougemont &#8211; La Videmanette cable car in Summer"}]},{"@type":"WebSite","@id":"https:\/\/pays-denhaut.ch\/#website","url":"https:\/\/pays-denhaut.ch\/","name":"Pays d'Enhaut","description":"","potentialAction":[{"@type":"SearchAction","target":{"@type":"EntryPoint","urlTemplate":"https:\/\/pays-denhaut.ch\/?s={search_term_string}"},"query-input":{"@type":"PropertyValueSpecification","valueRequired":true,"valueName":"search_term_string"}}],"inLanguage":"en-US"}]}},"_links":{"self":[{"href":"https:\/\/pays-denhaut.ch\/en\/wp-json\/wp\/v2\/highlight\/13384","targetHints":{"allow":["GET"]}}],"collection":[{"href":"https:\/\/pays-denhaut.ch\/en\/wp-json\/wp\/v2\/highlight"}],"about":[{"href":"https:\/\/pays-denhaut.ch\/en\/wp-json\/wp\/v2\/types\/highlight"}],"wp:featuredmedia":[{"embeddable":true,"href":"https:\/\/pays-denhaut.ch\/en\/wp-json\/wp\/v2\/media\/12183"}],"wp:attachment":[{"href":"https:\/\/pays-denhaut.ch\/en\/wp-json\/wp\/v2\/media?parent=13384"}],"curies":[{"name":"wp","href":"https:\/\/api.w.org\/{rel}","templated":true}]}}