{"id":8131,"date":"2025-12-05T12:10:25","date_gmt":"2025-12-05T11:10:25","guid":{"rendered":"https:\/\/pays-denhaut.ch\/itineraire\/wanderung-cabane-des-choucas\/"},"modified":"2026-07-02T11:32:18","modified_gmt":"2026-07-02T09:32:18","slug":"wanderung-cabane-des-choucas","status":"publish","type":"itinerary","link":"https:\/\/pays-denhaut.ch\/de\/itineraire\/wanderung-cabane-des-choucas\/","title":{"rendered":"Wanderung | Cabane des Choucas"},"template":"","itinerary_level":[],"itinerary_path_type":[],"itinerary_course_type":[],"itinerary_best_season":[],"class_list":["post-8131","itinerary","type-itinerary","status-publish","has-post-thumbnail","hentry"],"acf":{"itinerary_id":"01kbq6qbf6p9kcnczfk9j511nr","itinerary_carousel_title":"Wanderung | Cabane des Choucas in Bildern","itinerary_summary":"Diese 8 km lange Strecke f\u00fchrt Sie zu einem paradiesischen Fleckchen Erde auf einer H\u00f6he von 1'600 Metern.","itinerary_descr":"<p>Diese 8 km lange Strecke f\u00fchrt Sie zu einem paradiesischen Fleckchen Erde auf einer H\u00f6he von 1&#8217;600 Metern. In dieser H\u00f6he k\u00f6nnen Sie sich mit einem kalten Getr\u00e4nk und einem traditionellen Men\u00fc st\u00e4rken.<\/p>\n","itinerary_intro_intro":"<p>Nehmen Sie gutes Schuhwerk mit und machen Sie sich vom Zentrum von Ch\u00e2teau-d&#039;\u0152x aus auf den Weg in Richtung &quot;La Dent&quot;. Bis zu diesem Punkt gr\u00fc\u00dfen Sie die K\u00fche auf den Weiden.<\/p>\n<p>Dann nehmen Sie den Schotterweg in Richtung Pointe de Cray, nach einigen Metern Aufstieg sehen Sie rechts eine Leiter, und hier wird der Weg technischer.<\/p>\n<p>Nachdem Sie etwas mehr als 30 Minuten lang \u00fcber einige Leitern im Wald geklettert sind, erreichen Sie das Paradies an der Cabane des Choucas.<\/p>\n<p>Von hier aus hat man eine einmalige Aussicht auf die gesamte Bergkette vom R\u00fcbli in Rougemont bis zum Dent de Corjon in der Gemeinde Rossini\u00e8re, w\u00e4hrend man ein traditionelles Gericht des H\u00fcttenwirts genie\u00dft.<\/p>\n<p>Nachdem Sie sich gest\u00e4rkt haben, k\u00f6nnen Sie Ihre Wanderung hinter den Choucas fortsetzen und ins Dorf zur\u00fcckkehren, ohne die Leiter hinaufzusteigen.<\/p>\n","itinerary_long":"8.5","itinerary_up":"784.74","itinerary_down":"785.07","itinerary_lowest_peak":"958","itinerary_highest_peak":"1603","itinerary_duration":"4h15","itinerary_steps":[{"id":"01kbq6nj6t38hy6qq4xm499hxy","lat":"46.483062310654","long":"7.1202977297071","name":"Cabane des Choucas","tag":"","descr":"Diese H\u00fctte befindet sich auf dem Gipfel des Dorfes. Es garantiert Ihnen eine au\u00dfergew\u00f6hnliche Aussicht und bietet Ihnen Ruhe und Gelassenheit!","img":"https:\/\/pays-denhaut.ch\/wp-content\/uploads\/2026\/04\/01kbq6v1wtrsakwr7tt4nhfc0b-69e9e14970f86.jpg","loc_name":"Cabane des Choucas","loc":""}],"itinerary_gpx_file":{"ID":14912,"id":14912,"title":"Randonn\u00e9e | Cabane des Choucas - GPX","filename":"1777-6a46301ebfbbd.gpx","filesize":38374,"url":"https:\/\/pays-denhaut.ch\/wp-content\/uploads\/2026\/07\/1777-6a46301ebfbbd.gpx","link":"https:\/\/pays-denhaut.ch\/de\/itineraire\/wanderung-cabane-des-choucas\/attachment\/randonnee-cabane-des-choucas-gpx-7-2\/","alt":"","author":"0","description":"","caption":"","name":"randonnee-cabane-des-choucas-gpx-7-2","status":"inherit","uploaded_to":8131,"date":"2026-07-02 09:32:14","modified":"2026-07-02 09:32:14","menu_order":0,"mime_type":"application\/xml","type":"application","subtype":"xml","icon":"https:\/\/pays-denhaut.ch\/wp-includes\/images\/media\/default.png"},"itinerary_practice":"<\/p>\n","itinerary_img":"https:\/\/pays-denhaut.ch\/wp-content\/uploads\/2026\/02\/01kbq74gfqdvkc5wk46wnbzzwa-699c5f99e93c1.jpg","itinerary_carousel":[{"ID":10496,"id":10496,"title":"Randonn\u00e9e | Cabane des Choucas - Image 2","filename":"01kbq74kr2998fa06fn1c75p6b-699c5f9c0da6f.jpg","filesize":131680,"url":"https:\/\/pays-denhaut.ch\/wp-content\/uploads\/2026\/02\/01kbq74kr2998fa06fn1c75p6b-699c5f9c0da6f.jpg","link":"https:\/\/pays-denhaut.ch\/de\/itineraire\/sentier-botanique-des-choucas\/attachment\/randonnee-cabane-des-choucas-image-2-2-2\/","alt":"Choucas","author":"0","description":"","caption":"","name":"randonnee-cabane-des-choucas-image-2-2-2","status":"inherit","uploaded_to":7105,"date":"2026-02-23 14:09:32","modified":"2026-07-02 09:39:39","menu_order":0,"mime_type":"image\/jpeg","type":"image","subtype":"jpeg","icon":"https:\/\/pays-denhaut.ch\/wp-includes\/images\/media\/default.png","width":1500,"height":1138,"sizes":{"thumbnail":"https:\/\/pays-denhaut.ch\/wp-content\/uploads\/2026\/02\/01kbq74kr2998fa06fn1c75p6b-699c5f9c0da6f-150x150.jpg","thumbnail-width":150,"thumbnail-height":150,"medium":"https:\/\/pays-denhaut.ch\/wp-content\/uploads\/2026\/02\/01kbq74kr2998fa06fn1c75p6b-699c5f9c0da6f-300x228.jpg","medium-width":300,"medium-height":228,"medium_large":"https:\/\/pays-denhaut.ch\/wp-content\/uploads\/2026\/02\/01kbq74kr2998fa06fn1c75p6b-699c5f9c0da6f-768x583.jpg","medium_large-width":768,"medium_large-height":583,"large":"https:\/\/pays-denhaut.ch\/wp-content\/uploads\/2026\/02\/01kbq74kr2998fa06fn1c75p6b-699c5f9c0da6f-1024x777.jpg","large-width":1024,"large-height":777,"1536x1536":"https:\/\/pays-denhaut.ch\/wp-content\/uploads\/2026\/02\/01kbq74kr2998fa06fn1c75p6b-699c5f9c0da6f.jpg","1536x1536-width":1500,"1536x1536-height":1138,"2048x2048":"https:\/\/pays-denhaut.ch\/wp-content\/uploads\/2026\/02\/01kbq74kr2998fa06fn1c75p6b-699c5f9c0da6f.jpg","2048x2048-width":1500,"2048x2048-height":1138,"gform-image-choice-sm":"https:\/\/pays-denhaut.ch\/wp-content\/uploads\/2026\/02\/01kbq74kr2998fa06fn1c75p6b-699c5f9c0da6f.jpg","gform-image-choice-sm-width":300,"gform-image-choice-sm-height":228,"gform-image-choice-md":"https:\/\/pays-denhaut.ch\/wp-content\/uploads\/2026\/02\/01kbq74kr2998fa06fn1c75p6b-699c5f9c0da6f.jpg","gform-image-choice-md-width":400,"gform-image-choice-md-height":303,"gform-image-choice-lg":"https:\/\/pays-denhaut.ch\/wp-content\/uploads\/2026\/02\/01kbq74kr2998fa06fn1c75p6b-699c5f9c0da6f.jpg","gform-image-choice-lg-width":600,"gform-image-choice-lg-height":455}}]},"yoast_head":"<!-- This site is optimized with the Yoast SEO plugin v28.0 - https:\/\/yoast.com\/product\/yoast-seo-wordpress\/ -->\n<title>Wanderung | Cabane des Choucas | Pays d&#039;Enhaut<\/title>\n<meta name=\"robots\" content=\"index, follow, max-snippet:-1, max-image-preview:large, max-video-preview:-1\" \/>\n<link rel=\"canonical\" href=\"https:\/\/pays-denhaut.ch\/de\/itineraire\/wanderung-cabane-des-choucas\/\" \/>\n<meta property=\"og:locale\" content=\"de_DE\" \/>\n<meta property=\"og:type\" content=\"article\" \/>\n<meta property=\"og:title\" content=\"Wanderung | Cabane des Choucas | Pays d&#039;Enhaut\" \/>\n<meta property=\"og:url\" content=\"https:\/\/pays-denhaut.ch\/de\/itineraire\/wanderung-cabane-des-choucas\/\" \/>\n<meta property=\"og:site_name\" content=\"Pays d&#039;Enhaut\" \/>\n<meta property=\"article:modified_time\" content=\"2026-07-02T09:32:18+00:00\" \/>\n<meta name=\"twitter:card\" content=\"summary_large_image\" \/>\n<script type=\"application\/ld+json\" class=\"yoast-schema-graph\">{\"@context\":\"https:\\\/\\\/schema.org\",\"@graph\":[{\"@type\":\"WebPage\",\"@id\":\"https:\\\/\\\/pays-denhaut.ch\\\/de\\\/itineraire\\\/wanderung-cabane-des-choucas\\\/\",\"url\":\"https:\\\/\\\/pays-denhaut.ch\\\/de\\\/itineraire\\\/wanderung-cabane-des-choucas\\\/\",\"name\":\"Wanderung | Cabane des Choucas | Pays d&#039;Enhaut\",\"isPartOf\":{\"@id\":\"https:\\\/\\\/pays-denhaut.ch\\\/#website\"},\"primaryImageOfPage\":{\"@id\":\"https:\\\/\\\/pays-denhaut.ch\\\/de\\\/itineraire\\\/wanderung-cabane-des-choucas\\\/#primaryimage\"},\"image\":{\"@id\":\"https:\\\/\\\/pays-denhaut.ch\\\/de\\\/itineraire\\\/wanderung-cabane-des-choucas\\\/#primaryimage\"},\"thumbnailUrl\":\"https:\\\/\\\/pays-denhaut.ch\\\/wp-content\\\/uploads\\\/2026\\\/02\\\/01kbq74gfqdvkc5wk46wnbzzwa-699c5f99e93c1.jpg\",\"datePublished\":\"2025-12-05T11:10:25+00:00\",\"dateModified\":\"2026-07-02T09:32:18+00:00\",\"breadcrumb\":{\"@id\":\"https:\\\/\\\/pays-denhaut.ch\\\/de\\\/itineraire\\\/wanderung-cabane-des-choucas\\\/#breadcrumb\"},\"inLanguage\":\"de\",\"potentialAction\":[{\"@type\":\"ReadAction\",\"target\":[\"https:\\\/\\\/pays-denhaut.ch\\\/de\\\/itineraire\\\/wanderung-cabane-des-choucas\\\/\"]}]},{\"@type\":\"ImageObject\",\"inLanguage\":\"de\",\"@id\":\"https:\\\/\\\/pays-denhaut.ch\\\/de\\\/itineraire\\\/wanderung-cabane-des-choucas\\\/#primaryimage\",\"url\":\"https:\\\/\\\/pays-denhaut.ch\\\/wp-content\\\/uploads\\\/2026\\\/02\\\/01kbq74gfqdvkc5wk46wnbzzwa-699c5f99e93c1.jpg\",\"contentUrl\":\"https:\\\/\\\/pays-denhaut.ch\\\/wp-content\\\/uploads\\\/2026\\\/02\\\/01kbq74gfqdvkc5wk46wnbzzwa-699c5f99e93c1.jpg\",\"width\":1500,\"height\":1000,\"caption\":\"View from the jackdaw hut - summer - Ch\u00e2teau-d'\u0152x - Pays-d'Enhaut Region\"},{\"@type\":\"BreadcrumbList\",\"@id\":\"https:\\\/\\\/pays-denhaut.ch\\\/de\\\/itineraire\\\/wanderung-cabane-des-choucas\\\/#breadcrumb\",\"itemListElement\":[{\"@type\":\"ListItem\",\"position\":1,\"name\":\"Accueil\",\"item\":\"https:\\\/\\\/pays-denhaut.ch\\\/de\\\/\"},{\"@type\":\"ListItem\",\"position\":2,\"name\":\"Itin\u00e9raires\",\"item\":\"https:\\\/\\\/pays-denhaut.ch\\\/itineraire\\\/\"},{\"@type\":\"ListItem\",\"position\":3,\"name\":\"Wanderung | Cabane des Choucas\"}]},{\"@type\":\"WebSite\",\"@id\":\"https:\\\/\\\/pays-denhaut.ch\\\/#website\",\"url\":\"https:\\\/\\\/pays-denhaut.ch\\\/\",\"name\":\"Pays d'Enhaut\",\"description\":\"\",\"potentialAction\":[{\"@type\":\"SearchAction\",\"target\":{\"@type\":\"EntryPoint\",\"urlTemplate\":\"https:\\\/\\\/pays-denhaut.ch\\\/?s={search_term_string}\"},\"query-input\":{\"@type\":\"PropertyValueSpecification\",\"valueRequired\":true,\"valueName\":\"search_term_string\"}}],\"inLanguage\":\"de\"}]}<\/script>\n<!-- \/ Yoast SEO plugin. -->","yoast_head_json":{"title":"Wanderung | Cabane des Choucas | Pays d&#039;Enhaut","robots":{"index":"index","follow":"follow","max-snippet":"max-snippet:-1","max-image-preview":"max-image-preview:large","max-video-preview":"max-video-preview:-1"},"canonical":"https:\/\/pays-denhaut.ch\/de\/itineraire\/wanderung-cabane-des-choucas\/","og_locale":"de_DE","og_type":"article","og_title":"Wanderung | Cabane des Choucas | Pays d&#039;Enhaut","og_url":"https:\/\/pays-denhaut.ch\/de\/itineraire\/wanderung-cabane-des-choucas\/","og_site_name":"Pays d&#039;Enhaut","article_modified_time":"2026-07-02T09:32:18+00:00","twitter_card":"summary_large_image","schema":{"@context":"https:\/\/schema.org","@graph":[{"@type":"WebPage","@id":"https:\/\/pays-denhaut.ch\/de\/itineraire\/wanderung-cabane-des-choucas\/","url":"https:\/\/pays-denhaut.ch\/de\/itineraire\/wanderung-cabane-des-choucas\/","name":"Wanderung | Cabane des Choucas | Pays d&#039;Enhaut","isPartOf":{"@id":"https:\/\/pays-denhaut.ch\/#website"},"primaryImageOfPage":{"@id":"https:\/\/pays-denhaut.ch\/de\/itineraire\/wanderung-cabane-des-choucas\/#primaryimage"},"image":{"@id":"https:\/\/pays-denhaut.ch\/de\/itineraire\/wanderung-cabane-des-choucas\/#primaryimage"},"thumbnailUrl":"https:\/\/pays-denhaut.ch\/wp-content\/uploads\/2026\/02\/01kbq74gfqdvkc5wk46wnbzzwa-699c5f99e93c1.jpg","datePublished":"2025-12-05T11:10:25+00:00","dateModified":"2026-07-02T09:32:18+00:00","breadcrumb":{"@id":"https:\/\/pays-denhaut.ch\/de\/itineraire\/wanderung-cabane-des-choucas\/#breadcrumb"},"inLanguage":"de","potentialAction":[{"@type":"ReadAction","target":["https:\/\/pays-denhaut.ch\/de\/itineraire\/wanderung-cabane-des-choucas\/"]}]},{"@type":"ImageObject","inLanguage":"de","@id":"https:\/\/pays-denhaut.ch\/de\/itineraire\/wanderung-cabane-des-choucas\/#primaryimage","url":"https:\/\/pays-denhaut.ch\/wp-content\/uploads\/2026\/02\/01kbq74gfqdvkc5wk46wnbzzwa-699c5f99e93c1.jpg","contentUrl":"https:\/\/pays-denhaut.ch\/wp-content\/uploads\/2026\/02\/01kbq74gfqdvkc5wk46wnbzzwa-699c5f99e93c1.jpg","width":1500,"height":1000,"caption":"View from the jackdaw hut - summer - Ch\u00e2teau-d'\u0152x - Pays-d'Enhaut Region"},{"@type":"BreadcrumbList","@id":"https:\/\/pays-denhaut.ch\/de\/itineraire\/wanderung-cabane-des-choucas\/#breadcrumb","itemListElement":[{"@type":"ListItem","position":1,"name":"Accueil","item":"https:\/\/pays-denhaut.ch\/de\/"},{"@type":"ListItem","position":2,"name":"Itin\u00e9raires","item":"https:\/\/pays-denhaut.ch\/itineraire\/"},{"@type":"ListItem","position":3,"name":"Wanderung | Cabane des Choucas"}]},{"@type":"WebSite","@id":"https:\/\/pays-denhaut.ch\/#website","url":"https:\/\/pays-denhaut.ch\/","name":"Pays d'Enhaut","description":"","potentialAction":[{"@type":"SearchAction","target":{"@type":"EntryPoint","urlTemplate":"https:\/\/pays-denhaut.ch\/?s={search_term_string}"},"query-input":{"@type":"PropertyValueSpecification","valueRequired":true,"valueName":"search_term_string"}}],"inLanguage":"de"}]}},"_links":{"self":[{"href":"https:\/\/pays-denhaut.ch\/de\/wp-json\/wp\/v2\/itinerary\/8131","targetHints":{"allow":["GET"]}}],"collection":[{"href":"https:\/\/pays-denhaut.ch\/de\/wp-json\/wp\/v2\/itinerary"}],"about":[{"href":"https:\/\/pays-denhaut.ch\/de\/wp-json\/wp\/v2\/types\/itinerary"}],"wp:featuredmedia":[{"embeddable":true,"href":"https:\/\/pays-denhaut.ch\/de\/wp-json\/wp\/v2\/media\/10495"}],"wp:attachment":[{"href":"https:\/\/pays-denhaut.ch\/de\/wp-json\/wp\/v2\/media?parent=8131"}],"wp:term":[{"taxonomy":"itinerary_level","embeddable":true,"href":"https:\/\/pays-denhaut.ch\/de\/wp-json\/wp\/v2\/itinerary_level?post=8131"},{"taxonomy":"itinerary_path_type","embeddable":true,"href":"https:\/\/pays-denhaut.ch\/de\/wp-json\/wp\/v2\/itinerary_path_type?post=8131"},{"taxonomy":"itinerary_course_type","embeddable":true,"href":"https:\/\/pays-denhaut.ch\/de\/wp-json\/wp\/v2\/itinerary_course_type?post=8131"},{"taxonomy":"itinerary_best_season","embeddable":true,"href":"https:\/\/pays-denhaut.ch\/de\/wp-json\/wp\/v2\/itinerary_best_season?post=8131"}],"curies":[{"name":"wp","href":"https:\/\/api.w.org\/{rel}","templated":true}]}}