{"id":13385,"date":"2026-06-16T08:00:25","date_gmt":"2026-06-16T06:00:25","guid":{"rendered":"https:\/\/pays-denhaut.ch\/points-d-interet\/die-gondelbahn-rougemont-la-videmanette-im-sommer\/"},"modified":"2026-08-25T15:52:55","modified_gmt":"2026-08-25T13:52:55","slug":"die-gondelbahn-rougemont-la-videmanette-im-sommer","status":"publish","type":"highlight","link":"https:\/\/pays-denhaut.ch\/de\/points-d-interet\/die-gondelbahn-rougemont-la-videmanette-im-sommer\/","title":{"rendered":"Die Gondelbahn Rougemont-La Videmanette im Sommer"},"template":"","class_list":["post-13385","highlight","type-highlight","status-publish","has-post-thumbnail","hentry"],"acf":{"poi_carousel_title":"Die Gondelbahn Rougemont-La Videmanette im Sommer in Bildern","poi_descr":"<p>Die Gondelbahn Rougemont-La Videmanette (8-Sitzer-Kabinen) bringt Sie in knapp 10 Minuten auf \u00fcber 2.200 m auf den Gipfel !<\/p>\n","poi_excerpt":"Die Gondelbahn Rougemont-La Videmanette (8-Sitzer-Kabinen) bringt Sie in knapp 10 Minuten auf \u00fcber 2.200 m auf den Gipfel !","poi_intro_intro":"<p>Lassen Sie sich nach dem Aufstieg in diesen Panoramakabinen von der Aussicht von oben verf\u00fchren. Zwischen den Berner Bergen, dem Blick \u00fcber das Dorf Rougemont und das Naturschutzgebiet Pierreuse wollen Sie nicht wieder runter !<\/p>\n<p>Die Oberstation ist ein idealer Ausgangspunkt f\u00fcr Wanderer und Mountainbiker. Kletterfans finden ihr Gl\u00fcck auf dem Rubli direkt neben dem Resort : 3 Kletterrouten mit unterschiedlichen Schwierigkeitsgraden stehen ihnen zur Verf\u00fcgung.<\/p>\n<p>Sehen Sie bunte Segel im Gras ausgebreitet ? Es kann sein, dass sich ein Start von Gleitschirmen vorbereitet &#8230; Setzen Sie sich und genie\u00dfen Sie das Schauspiel dieser ungew\u00f6hnlichen V\u00f6gel ! Die Videmanette ist auch ein perfekter Spielplatz f\u00fcr diese Sportler.<\/p>\n<p>F\u00fcr diejenigen, die ein wenig hungrig sind, k\u00f6nnen das Restaurant Videmanette und seine Panoramaterrasse Ihren Wunsch erf\u00fcllen.<\/p>\n","poi_practice":"<p><strong>Anreise<\/strong><br \/>Am Start der Seilbahn steht ein Parkplatz zur Verf\u00fcgung. Der Tarif betr\u00e4gt CHF 7.\u2013 pro Tag.<br \/>Die Station ist zudem weniger als 5 Gehminuten vom Bahnhof entfernt.<\/p>\n<p><strong>Tickets<\/strong><br \/>Ab diesem Sommer sind Tickets f\u00fcr die Bergbahnen La Videmanette online \u00fcber den Ticketcorner-Shop erh\u00e4ltlich:<br \/><a href=\"https:\/\/gstaad.ticketcorner.ch\/de\/gstaad\/bergresort-123\/ticket\" target=\"_blank\" rel=\"noopener noreferrer nofollow\">https:\/\/gstaad.ticketcorner.ch\/de\/gstaad\/bergresort-123\/ticket<\/a><\/p>\n<p><strong>Angebot Pass d\u2019Enhaut<\/strong><br \/>W\u00e4hrend Ihres Aufenthalts im Pays-d\u2019Enhaut k\u00f6nnen Sie Ihren Pass d\u2019Enhaut im Tourismusb\u00fcro beziehen und von einem Spezialangebot f\u00fcr die Bergbahnen profitieren: CHF 19.- pro Erwachsener und CHF 9.- pro Kind.<\/p>\n","poi_place_label":"Remont\u00e9es m\u00e9caniques de Rougemont - La Videmanette","poi_place_url":"https:\/\/www.google.com\/maps\/search\/?api=1&query=Remont%C3%A9es+m%C3%A9caniques+de+Rougemont+-+La+Videmanette","poi_web_label":"https:\/\/bergbahnen-gstaad.ch\/fr\/ete","poi_web_url":"https:\/\/bergbahnen-gstaad.ch\/fr\/ete","poi_mail_label":"info@bergbahnen-gstaad.ch","poi_mail_url":"info@bergbahnen-gstaad.ch","poi_phone_label":"+41337488737","poi_phone_url":"+41337488737","poi_steps":[{"id":"01kbq6nqjhryvfghh3n14cnmsh","long":"7.2085757999957","lat":"46.485733211648","name":"Remont\u00e9es m\u00e9caniques de Rougemont - La Videmanette","tag":"","descr":"","img":false,"address_name":"Remont\u00e9es m\u00e9caniques de Rougemont - La Videmanette","address_street":"Le Revers, 1659 Rougemont","address_url":""}],"poi_contact":[{"poi_contact_id":"01kbq6nqj2brvbbhxhveknybys","poi_contact_name":"Bergbahnen Destination Gstaad AG","poi_contact_label":"https:\/\/bergbahnen-gstaad.ch\/","poi_contact_url":"https:\/\/bergbahnen-gstaad.ch\/","poi_contact_mail":"info@bergbahnen-gstaad.ch","poi_contact_phone":"+41 33 748 87 37","poi_address_name":"Bergbahnen Destination Gstaad AG","poi_address_street":"Egglistrasse 43, 3780 Gstaad, CH","poi_address_url":"","poi_socials":false}],"poi_dates":[{"start_date":"20260627","end_date":"20260830","schedules":[{"day":"monday","start_hour":"09:00:00","end_hour":"16:30:00"},{"day":"tuesday","start_hour":"09:00:00","end_hour":"16:30:00"},{"day":"wednesday","start_hour":"09:00:00","end_hour":"16:30:00"},{"day":"thursday","start_hour":"09:00:00","end_hour":"16:30:00"},{"day":"friday","start_hour":"09:00:00","end_hour":"16:30:00"},{"day":"saturday","start_hour":"09:00:00","end_hour":"16:30:00"},{"day":"sunday","start_hour":"09:00:00","end_hour":"16:30:00"}]},{"start_date":"20260831","end_date":"20260914","schedules":[{"day":"saturday","start_hour":"09:00:00","end_hour":"16:30:00"},{"day":"sunday","start_hour":"09:00:00","end_hour":"16:30:00"}]},{"start_date":"20260915","end_date":"20260921","schedules":[{"day":"saturday","start_hour":"09:00:00","end_hour":"16:30:00"},{"day":"sunday","start_hour":"09:00:00","end_hour":"16:30:00"},{"day":"monday","start_hour":"09:00:00","end_hour":"16:30:00"}]},{"start_date":"20260922","end_date":"20260927","schedules":[{"day":"saturday","start_hour":"09:00:00","end_hour":"16:30:00"},{"day":"sunday","start_hour":"09:00:00","end_hour":"16:30:00"}]}],"poi_prices":[{"public":"Preise","price":"<ul><li><strong>Erwachsene - einfach<\/strong> : 34 CHF<\/li><li><strong>Erwachsene - zur\u00fcck<\/strong> : 48 CHF<\/li><li><strong>Kinder (6-15 Jahre alt) \/ halber Preis und GA - einfach<\/strong> : 17 CHF<\/li><li><strong>Kinder (6-15 Jahre alt) \/ halber Preis und GA - zur\u00fcck<\/strong> : 24 CHF<\/li><\/ul>"}],"icon_accessibility":[{"icon":"AT75"},{"icon":"AT76"},{"icon":"AT77"}],"poi_url_id":"https:\/\/zuerst.proinfirmis.ch\/pois\/detail\/14900","has_offer":false,"poi_credit":"Cindy Morier","poi_img":"https:\/\/pays-denhaut.ch\/wp-content\/uploads\/2026\/04\/01kbq6watz7qfhc9g51whvf5dr-69e9eb64bd3df.jpg","poi_carousel":[{"ID":12184,"id":12184,"title":"Remont\u00e9es m\u00e9caniques de Rougemont - La Videmanette en \u00e9t\u00e9 - Image 1","filename":"01kbq6rstyth45hwfssn7b1p50-69e9eb65a060b.png","filesize":311306,"url":"https:\/\/pays-denhaut.ch\/wp-content\/uploads\/2026\/04\/01kbq6rstyth45hwfssn7b1p50-69e9eb65a060b.png","link":"https:\/\/pays-denhaut.ch\/de\/points-d-interet\/remontees-mecaniques-de-rougemont-la-videmanette-en-ete\/attachment\/remontees-mecaniques-de-rougemont-la-videmanette-en-ete-image-1-2\/","alt":"View on the Via Ferrata et le R\u00fcbli - summer - Rougemont - Visualp","author":"0","description":"","caption":"Visualps.ch","name":"remontees-mecaniques-de-rougemont-la-videmanette-en-ete-image-1-2","status":"inherit","uploaded_to":5784,"date":"2026-04-23 09:50:30","modified":"2026-08-25 13:52:54","menu_order":0,"mime_type":"image\/png","type":"image","subtype":"png","icon":"https:\/\/pays-denhaut.ch\/wp-includes\/images\/media\/default.png","width":1500,"height":900,"sizes":{"thumbnail":"https:\/\/pays-denhaut.ch\/wp-content\/uploads\/2026\/04\/01kbq6rstyth45hwfssn7b1p50-69e9eb65a060b-150x150.png","thumbnail-width":150,"thumbnail-height":150,"medium":"https:\/\/pays-denhaut.ch\/wp-content\/uploads\/2026\/04\/01kbq6rstyth45hwfssn7b1p50-69e9eb65a060b-300x180.png","medium-width":300,"medium-height":180,"medium_large":"https:\/\/pays-denhaut.ch\/wp-content\/uploads\/2026\/04\/01kbq6rstyth45hwfssn7b1p50-69e9eb65a060b-768x461.png","medium_large-width":768,"medium_large-height":461,"large":"https:\/\/pays-denhaut.ch\/wp-content\/uploads\/2026\/04\/01kbq6rstyth45hwfssn7b1p50-69e9eb65a060b-1024x614.png","large-width":1024,"large-height":614,"1536x1536":"https:\/\/pays-denhaut.ch\/wp-content\/uploads\/2026\/04\/01kbq6rstyth45hwfssn7b1p50-69e9eb65a060b.png","1536x1536-width":1500,"1536x1536-height":900,"2048x2048":"https:\/\/pays-denhaut.ch\/wp-content\/uploads\/2026\/04\/01kbq6rstyth45hwfssn7b1p50-69e9eb65a060b.png","2048x2048-width":1500,"2048x2048-height":900,"gform-image-choice-sm":"https:\/\/pays-denhaut.ch\/wp-content\/uploads\/2026\/04\/01kbq6rstyth45hwfssn7b1p50-69e9eb65a060b.png","gform-image-choice-sm-width":300,"gform-image-choice-sm-height":180,"gform-image-choice-md":"https:\/\/pays-denhaut.ch\/wp-content\/uploads\/2026\/04\/01kbq6rstyth45hwfssn7b1p50-69e9eb65a060b.png","gform-image-choice-md-width":400,"gform-image-choice-md-height":240,"gform-image-choice-lg":"https:\/\/pays-denhaut.ch\/wp-content\/uploads\/2026\/04\/01kbq6rstyth45hwfssn7b1p50-69e9eb65a060b.png","gform-image-choice-lg-width":600,"gform-image-choice-lg-height":360}},{"ID":12185,"id":12185,"title":"Remont\u00e9es m\u00e9caniques de Rougemont - La Videmanette en \u00e9t\u00e9 - Image 3","filename":"01kbq6r69mzj3wq6pn45ew5hjh-69e9eb66ddc67.JPEG","filesize":328484,"url":"https:\/\/pays-denhaut.ch\/wp-content\/uploads\/2026\/04\/01kbq6r69mzj3wq6pn45ew5hjh-69e9eb66ddc67.JPEG","link":"https:\/\/pays-denhaut.ch\/de\/points-d-interet\/remontees-mecaniques-de-rougemont-la-videmanette-en-ete\/attachment\/remontees-mecaniques-de-rougemont-la-videmanette-en-ete-image-3-2\/","alt":"La Videmanette via ferrata","author":"0","description":"","caption":"Pays-d'Enhaut Tourisme","name":"remontees-mecaniques-de-rougemont-la-videmanette-en-ete-image-3-2","status":"inherit","uploaded_to":5784,"date":"2026-04-23 09:50:31","modified":"2026-08-25 13:52:55","menu_order":0,"mime_type":"image\/jpeg","type":"image","subtype":"jpeg","icon":"https:\/\/pays-denhaut.ch\/wp-includes\/images\/media\/default.png","width":1500,"height":1003,"sizes":{"thumbnail":"https:\/\/pays-denhaut.ch\/wp-content\/uploads\/2026\/04\/01kbq6r69mzj3wq6pn45ew5hjh-69e9eb66ddc67-150x150.jpeg","thumbnail-width":150,"thumbnail-height":150,"medium":"https:\/\/pays-denhaut.ch\/wp-content\/uploads\/2026\/04\/01kbq6r69mzj3wq6pn45ew5hjh-69e9eb66ddc67-300x201.jpeg","medium-width":300,"medium-height":201,"medium_large":"https:\/\/pays-denhaut.ch\/wp-content\/uploads\/2026\/04\/01kbq6r69mzj3wq6pn45ew5hjh-69e9eb66ddc67-768x514.jpeg","medium_large-width":768,"medium_large-height":514,"large":"https:\/\/pays-denhaut.ch\/wp-content\/uploads\/2026\/04\/01kbq6r69mzj3wq6pn45ew5hjh-69e9eb66ddc67-1024x685.jpeg","large-width":1024,"large-height":685,"1536x1536":"https:\/\/pays-denhaut.ch\/wp-content\/uploads\/2026\/04\/01kbq6r69mzj3wq6pn45ew5hjh-69e9eb66ddc67.JPEG","1536x1536-width":1500,"1536x1536-height":1003,"2048x2048":"https:\/\/pays-denhaut.ch\/wp-content\/uploads\/2026\/04\/01kbq6r69mzj3wq6pn45ew5hjh-69e9eb66ddc67.JPEG","2048x2048-width":1500,"2048x2048-height":1003,"gform-image-choice-sm":"https:\/\/pays-denhaut.ch\/wp-content\/uploads\/2026\/04\/01kbq6r69mzj3wq6pn45ew5hjh-69e9eb66ddc67.JPEG","gform-image-choice-sm-width":300,"gform-image-choice-sm-height":201,"gform-image-choice-md":"https:\/\/pays-denhaut.ch\/wp-content\/uploads\/2026\/04\/01kbq6r69mzj3wq6pn45ew5hjh-69e9eb66ddc67.JPEG","gform-image-choice-md-width":400,"gform-image-choice-md-height":267,"gform-image-choice-lg":"https:\/\/pays-denhaut.ch\/wp-content\/uploads\/2026\/04\/01kbq6r69mzj3wq6pn45ew5hjh-69e9eb66ddc67.JPEG","gform-image-choice-lg-width":600,"gform-image-choice-lg-height":401}}]},"yoast_head":"<!-- This site is optimized with the Yoast SEO plugin v28.0 - https:\/\/yoast.com\/product\/yoast-seo-wordpress\/ -->\n<title>Die Gondelbahn Rougemont-La Videmanette im Sommer | Pays d&#039;Enhaut<\/title>\n<meta name=\"robots\" content=\"index, follow, max-snippet:-1, max-image-preview:large, max-video-preview:-1\" \/>\n<link rel=\"canonical\" href=\"https:\/\/pays-denhaut.ch\/de\/points-d-interet\/die-gondelbahn-rougemont-la-videmanette-im-sommer\/\" \/>\n<meta property=\"og:locale\" content=\"de_DE\" \/>\n<meta property=\"og:type\" content=\"article\" \/>\n<meta property=\"og:title\" content=\"Die Gondelbahn Rougemont-La Videmanette im Sommer | Pays d&#039;Enhaut\" \/>\n<meta property=\"og:description\" content=\"Die Gondelbahn Rougemont-La Videmanette (8-Sitzer-Kabinen) bringt Sie in knapp 10 Minuten auf \u00fcber 2.200 m auf den Gipfel !\" \/>\n<meta property=\"og:url\" content=\"https:\/\/pays-denhaut.ch\/de\/points-d-interet\/die-gondelbahn-rougemont-la-videmanette-im-sommer\/\" \/>\n<meta property=\"og:site_name\" content=\"Pays d&#039;Enhaut\" \/>\n<meta property=\"article:modified_time\" content=\"2026-08-25T13:52:55+00:00\" \/>\n<meta name=\"twitter:card\" content=\"summary_large_image\" \/>\n<script type=\"application\/ld+json\" class=\"yoast-schema-graph\">{\"@context\":\"https:\\\/\\\/schema.org\",\"@graph\":[{\"@type\":\"WebPage\",\"@id\":\"https:\\\/\\\/pays-denhaut.ch\\\/de\\\/points-d-interet\\\/die-gondelbahn-rougemont-la-videmanette-im-sommer\\\/\",\"url\":\"https:\\\/\\\/pays-denhaut.ch\\\/de\\\/points-d-interet\\\/die-gondelbahn-rougemont-la-videmanette-im-sommer\\\/\",\"name\":\"Die Gondelbahn Rougemont-La Videmanette im Sommer | Pays d&#039;Enhaut\",\"isPartOf\":{\"@id\":\"https:\\\/\\\/pays-denhaut.ch\\\/#website\"},\"primaryImageOfPage\":{\"@id\":\"https:\\\/\\\/pays-denhaut.ch\\\/de\\\/points-d-interet\\\/die-gondelbahn-rougemont-la-videmanette-im-sommer\\\/#primaryimage\"},\"image\":{\"@id\":\"https:\\\/\\\/pays-denhaut.ch\\\/de\\\/points-d-interet\\\/die-gondelbahn-rougemont-la-videmanette-im-sommer\\\/#primaryimage\"},\"thumbnailUrl\":\"https:\\\/\\\/pays-denhaut.ch\\\/wp-content\\\/uploads\\\/2026\\\/04\\\/01kbq6watz7qfhc9g51whvf5dr-69e9eb64bd3df.jpg\",\"datePublished\":\"2026-06-16T06:00:25+00:00\",\"dateModified\":\"2026-08-25T13:52:55+00:00\",\"breadcrumb\":{\"@id\":\"https:\\\/\\\/pays-denhaut.ch\\\/de\\\/points-d-interet\\\/die-gondelbahn-rougemont-la-videmanette-im-sommer\\\/#breadcrumb\"},\"inLanguage\":\"de\",\"potentialAction\":[{\"@type\":\"ReadAction\",\"target\":[\"https:\\\/\\\/pays-denhaut.ch\\\/de\\\/points-d-interet\\\/die-gondelbahn-rougemont-la-videmanette-im-sommer\\\/\"]}]},{\"@type\":\"ImageObject\",\"inLanguage\":\"de\",\"@id\":\"https:\\\/\\\/pays-denhaut.ch\\\/de\\\/points-d-interet\\\/die-gondelbahn-rougemont-la-videmanette-im-sommer\\\/#primaryimage\",\"url\":\"https:\\\/\\\/pays-denhaut.ch\\\/wp-content\\\/uploads\\\/2026\\\/04\\\/01kbq6watz7qfhc9g51whvf5dr-69e9eb64bd3df.jpg\",\"contentUrl\":\"https:\\\/\\\/pays-denhaut.ch\\\/wp-content\\\/uploads\\\/2026\\\/04\\\/01kbq6watz7qfhc9g51whvf5dr-69e9eb64bd3df.jpg\",\"width\":1500,\"height\":1125,\"caption\":\"Cindy Morier\"},{\"@type\":\"BreadcrumbList\",\"@id\":\"https:\\\/\\\/pays-denhaut.ch\\\/de\\\/points-d-interet\\\/die-gondelbahn-rougemont-la-videmanette-im-sommer\\\/#breadcrumb\",\"itemListElement\":[{\"@type\":\"ListItem\",\"position\":1,\"name\":\"Accueil\",\"item\":\"https:\\\/\\\/pays-denhaut.ch\\\/de\\\/\"},{\"@type\":\"ListItem\",\"position\":2,\"name\":\"Points d'int\u00e9r\u00eat\",\"item\":\"https:\\\/\\\/pays-denhaut.ch\\\/points-d-interet\\\/\"},{\"@type\":\"ListItem\",\"position\":3,\"name\":\"Die Gondelbahn Rougemont-La Videmanette im Sommer\"}]},{\"@type\":\"WebSite\",\"@id\":\"https:\\\/\\\/pays-denhaut.ch\\\/#website\",\"url\":\"https:\\\/\\\/pays-denhaut.ch\\\/\",\"name\":\"Pays d'Enhaut\",\"description\":\"\",\"potentialAction\":[{\"@type\":\"SearchAction\",\"target\":{\"@type\":\"EntryPoint\",\"urlTemplate\":\"https:\\\/\\\/pays-denhaut.ch\\\/?s={search_term_string}\"},\"query-input\":{\"@type\":\"PropertyValueSpecification\",\"valueRequired\":true,\"valueName\":\"search_term_string\"}}],\"inLanguage\":\"de\"}]}<\/script>\n<!-- \/ Yoast SEO plugin. -->","yoast_head_json":{"title":"Die Gondelbahn Rougemont-La Videmanette im Sommer | Pays d&#039;Enhaut","robots":{"index":"index","follow":"follow","max-snippet":"max-snippet:-1","max-image-preview":"max-image-preview:large","max-video-preview":"max-video-preview:-1"},"canonical":"https:\/\/pays-denhaut.ch\/de\/points-d-interet\/die-gondelbahn-rougemont-la-videmanette-im-sommer\/","og_locale":"de_DE","og_type":"article","og_title":"Die Gondelbahn Rougemont-La Videmanette im Sommer | Pays d&#039;Enhaut","og_description":"Die Gondelbahn Rougemont-La Videmanette (8-Sitzer-Kabinen) bringt Sie in knapp 10 Minuten auf \u00fcber 2.200 m auf den Gipfel !","og_url":"https:\/\/pays-denhaut.ch\/de\/points-d-interet\/die-gondelbahn-rougemont-la-videmanette-im-sommer\/","og_site_name":"Pays d&#039;Enhaut","article_modified_time":"2026-08-25T13:52:55+00:00","twitter_card":"summary_large_image","schema":{"@context":"https:\/\/schema.org","@graph":[{"@type":"WebPage","@id":"https:\/\/pays-denhaut.ch\/de\/points-d-interet\/die-gondelbahn-rougemont-la-videmanette-im-sommer\/","url":"https:\/\/pays-denhaut.ch\/de\/points-d-interet\/die-gondelbahn-rougemont-la-videmanette-im-sommer\/","name":"Die Gondelbahn Rougemont-La Videmanette im Sommer | Pays d&#039;Enhaut","isPartOf":{"@id":"https:\/\/pays-denhaut.ch\/#website"},"primaryImageOfPage":{"@id":"https:\/\/pays-denhaut.ch\/de\/points-d-interet\/die-gondelbahn-rougemont-la-videmanette-im-sommer\/#primaryimage"},"image":{"@id":"https:\/\/pays-denhaut.ch\/de\/points-d-interet\/die-gondelbahn-rougemont-la-videmanette-im-sommer\/#primaryimage"},"thumbnailUrl":"https:\/\/pays-denhaut.ch\/wp-content\/uploads\/2026\/04\/01kbq6watz7qfhc9g51whvf5dr-69e9eb64bd3df.jpg","datePublished":"2026-06-16T06:00:25+00:00","dateModified":"2026-08-25T13:52:55+00:00","breadcrumb":{"@id":"https:\/\/pays-denhaut.ch\/de\/points-d-interet\/die-gondelbahn-rougemont-la-videmanette-im-sommer\/#breadcrumb"},"inLanguage":"de","potentialAction":[{"@type":"ReadAction","target":["https:\/\/pays-denhaut.ch\/de\/points-d-interet\/die-gondelbahn-rougemont-la-videmanette-im-sommer\/"]}]},{"@type":"ImageObject","inLanguage":"de","@id":"https:\/\/pays-denhaut.ch\/de\/points-d-interet\/die-gondelbahn-rougemont-la-videmanette-im-sommer\/#primaryimage","url":"https:\/\/pays-denhaut.ch\/wp-content\/uploads\/2026\/04\/01kbq6watz7qfhc9g51whvf5dr-69e9eb64bd3df.jpg","contentUrl":"https:\/\/pays-denhaut.ch\/wp-content\/uploads\/2026\/04\/01kbq6watz7qfhc9g51whvf5dr-69e9eb64bd3df.jpg","width":1500,"height":1125,"caption":"Cindy Morier"},{"@type":"BreadcrumbList","@id":"https:\/\/pays-denhaut.ch\/de\/points-d-interet\/die-gondelbahn-rougemont-la-videmanette-im-sommer\/#breadcrumb","itemListElement":[{"@type":"ListItem","position":1,"name":"Accueil","item":"https:\/\/pays-denhaut.ch\/de\/"},{"@type":"ListItem","position":2,"name":"Points d'int\u00e9r\u00eat","item":"https:\/\/pays-denhaut.ch\/points-d-interet\/"},{"@type":"ListItem","position":3,"name":"Die Gondelbahn Rougemont-La Videmanette im Sommer"}]},{"@type":"WebSite","@id":"https:\/\/pays-denhaut.ch\/#website","url":"https:\/\/pays-denhaut.ch\/","name":"Pays d'Enhaut","description":"","potentialAction":[{"@type":"SearchAction","target":{"@type":"EntryPoint","urlTemplate":"https:\/\/pays-denhaut.ch\/?s={search_term_string}"},"query-input":{"@type":"PropertyValueSpecification","valueRequired":true,"valueName":"search_term_string"}}],"inLanguage":"de"}]}},"_links":{"self":[{"href":"https:\/\/pays-denhaut.ch\/de\/wp-json\/wp\/v2\/highlight\/13385","targetHints":{"allow":["GET"]}}],"collection":[{"href":"https:\/\/pays-denhaut.ch\/de\/wp-json\/wp\/v2\/highlight"}],"about":[{"href":"https:\/\/pays-denhaut.ch\/de\/wp-json\/wp\/v2\/types\/highlight"}],"wp:featuredmedia":[{"embeddable":true,"href":"https:\/\/pays-denhaut.ch\/de\/wp-json\/wp\/v2\/media\/12183"}],"wp:attachment":[{"href":"https:\/\/pays-denhaut.ch\/de\/wp-json\/wp\/v2\/media?parent=13385"}],"curies":[{"name":"wp","href":"https:\/\/api.w.org\/{rel}","templated":true}]}}