{"id":15944,"date":"2026-08-25T09:49:11","date_gmt":"2026-08-25T07:49:11","guid":{"rendered":"https:\/\/pays-denhaut.ch\/agenda\/ausstellung-reise-ins-land-des-scherenschnitts-von-stephanie-miguet\/"},"modified":"2026-08-25T09:49:11","modified_gmt":"2026-08-25T07:49:11","slug":"ausstellung-reise-ins-land-des-scherenschnitts-von-stephanie-miguet","status":"publish","type":"events","link":"https:\/\/pays-denhaut.ch\/de\/agenda\/ausstellung-reise-ins-land-des-scherenschnitts-von-stephanie-miguet\/","title":{"rendered":"Ausstellung \u00abReise ins Land des Scherenschnitts\u00bb von St\u00e9phanie Miguet"},"parent":0,"template":"","event_type":[],"class_list":["post-15944","events","type-events","status-publish","has-post-thumbnail","hentry"],"acf":{"event_pass":false,"event_carousel_title":"Ausstellung \u00abReise ins Land des Scherenschnitts\u00bb von St\u00e9phanie Miguet in Bildern","event_summary":"Entdecken Sie St\u00e9phanie Miguets poetische Welt, in der zeitgen\u00f6ssischer Scherenschnitt auf das Kulturerbe des Pays-d\u2019Enhaut trifft.","event_intro_intro":"<p>Mit \u00abReise ins Land des Scherenschnitts\u00bb kehrt St\u00e9phanie Miguet an den Ort zur\u00fcck, an dem ihre Geschichte mit dem Scherenschnitt begann. Bei einem ersten Museumsbesuch im Jahr 2006 und der Begegnung mit den Werken von Meistern wie Jean-Jacques Hauswirth und Louis Saugy erlebte sie eine wahre Offenbarung. Der Scherenschnitt wurde daraufhin zu ihrer bevorzugten k\u00fcnstlerischen Ausdrucksform.<\/p>\n<p>Zwanzig Jahre sp\u00e4ter kehrt die K\u00fcnstlerin mit einer Einzelausstellung nach Ch\u00e2teau-d\u2019\u0152x zur\u00fcck und pr\u00e4sentiert eine Welt, in der Papier zu Spitze, Erz\u00e4hlung und Poesie wird. Ihre Arbeiten bewegen sich zwischen pers\u00f6nlichen Themen und Fantasie und verleihen dieser traditionellen Kunstform zugleich einen entschieden zeitgen\u00f6ssischen Ausdruck.<\/p>\n<p>Die Ausstellung ist auch von einer k\u00fcnstlerischen Residenz gepr\u00e4gt, die St\u00e9phanie Miguet im Sommer 2025 im Museum absolvierte. Begegnungen mit Einheimischen und Kunsthandwerkern sowie die Landschaften des Pays-d\u2019Enhaut inspirierten sie zu einem Rundgang durch die Dauerausstellung. Ihre Werke treten dabei mit historischen Werkzeugen, traditionellen M\u00f6beln und Gegenst\u00e4nden aus dem b\u00e4uerlichen Leben in Dialog und schaffen eine sensible Verbindung zwischen Kulturerbe und zeitgen\u00f6ssischer Kunst.<\/p>\n","event_descr":"<p>Vom 12. Juli bis 1. November 2026 pr\u00e4sentiert St\u00e9phanie Miguet im Mus\u00e9e du Pays-d\u2019Enhaut und Schweizer Zentrum f\u00fcr Scherenschnitt eine Ausstellung, in der ihre zeitgen\u00f6ssischen Kreationen mit den historischen Sammlungen des Museums in Dialog treten.<\/p>\n","event_place_label":"Mus\u00e9e du Pays-d\u2019Enhaut et Centre Suisse du papier d\u00e9coup\u00e9","event_place_url":"https:\/\/www.google.com\/maps\/search\/?api=1&query=Mus%C3%A9e+du+Pays-d%E2%80%99Enhaut+et+Centre+Suisse+du+papier+d%C3%A9coup%C3%A9","event_web_label":"https:\/\/musee-chateau-doex.ch\/","event_web_url":"https:\/\/musee-chateau-doex.ch\/","event_mail_label":"info@musee-chateau-doex.ch","event_mail_url":"info@musee-chateau-doex.ch","event_phone_label":"+41269246520","event_phone_url":"+41269246520","event_steps":[{"id":"01m0vxr64rw32xndbf8fyb5y6m","long":"7.1353143148402","lat":"46.476165756274","name":"Mus\u00e9e du Pays-d\u2019Enhaut et Centre Suisse du papier d\u00e9coup\u00e9","tag":"","descr":"","img":false,"address_name":"Mus\u00e9e du Pays-d\u2019Enhaut et Centre Suisse du papier d\u00e9coup\u00e9","address_street":"Grand Rue 107, 1660 Ch\u00e2teau-d'\u0152x","address_url":"https:\/\/www.google.com\/maps\/search\/?api=1&query=Grand+Rue+107%2C+1660+Ch%C3%A2teau-d%27%C5%92x"}],"event_practice":"<p><strong>Ort<\/strong><\/p>\n<p>Mus\u00e9e du Pays-d\u2019Enhaut und Schweizer Zentrum f\u00fcr Scherenschnitt<br \/>Grand Rue 107<br \/>1660 Ch\u00e2teau-d\u2019\u0152x<\/p>\n<p><strong>Daten<\/strong><\/p>\n<p>Vom 12. Juli bis 1. November 2026.<\/p>\n<p><strong>\u00d6ffnungszeiten<\/strong><\/p>\n<p>Dienstag bis Sonntag von 13.30 bis 17.30 Uhr. Montags ist das Museum geschlossen.<\/p>\n","event_contact":[{"event_contact_id":"01kbq6n060180yxbz4r7ay31y3","event_contact_name":"Mus\u00e9e du Pays-d'Enhaut","event_contact_label":"https:\/\/musee-chateau-doex.ch\/","event_contact_url":"https:\/\/musee-chateau-doex.ch\/","event_contact_mail":"info@musee-chateau-doex.ch","event_contact_phone":"+41 26 924 65 20","event_address_name":"Mus\u00e9e du Pays-d'Enhaut","event_address_street":"Grand Rue 107, 1660 Ch\u00e2teau-d'\u0152x, CH","event_address_url":"https:\/\/www.google.com\/maps\/search\/?api=1&query=Grand+Rue+107%2C+1660+Ch%C3%A2teau-d%27%C5%92x%2C+CH","event_socials":false}],"event_dates":[{"start_date":"20260712","end_date":"20261101","schedules":[{"day":"tuesday","start_hour":"13:30:00","end_hour":"17:30:00"},{"day":"wednesday","start_hour":"13:30:00","end_hour":"17:30:00"},{"day":"thursday","start_hour":"13:30:00","end_hour":"17:30:00"},{"day":"friday","start_hour":"13:30:00","end_hour":"17:30:00"},{"day":"saturday","start_hour":"13:30:00","end_hour":"17:30:00"},{"day":"sunday","start_hour":"13:30:00","end_hour":"17:30:00"}]}],"has_offer":false,"event_img":"https:\/\/pays-denhaut.ch\/wp-content\/uploads\/2026\/08\/01m0vy84nf89msxcshe14mg7x9-6a8d48f48a1f5.png","event_credit":"St\u00e9phanie Miguet"},"yoast_head":"<!-- This site is optimized with the Yoast SEO plugin v28.0 - https:\/\/yoast.com\/product\/yoast-seo-wordpress\/ -->\n<title>Ausstellung \u00abReise ins Land des Scherenschnitts\u00bb von St\u00e9phanie Miguet | Pays d&#039;Enhaut<\/title>\n<meta name=\"robots\" content=\"index, follow, max-snippet:-1, max-image-preview:large, max-video-preview:-1\" \/>\n<link rel=\"canonical\" href=\"https:\/\/pays-denhaut.ch\/agenda\/ausstellung-reise-ins-land-des-scherenschnitts-von-stephanie-miguet\/\" \/>\n<meta property=\"og:locale\" content=\"de_DE\" \/>\n<meta property=\"og:type\" content=\"article\" \/>\n<meta property=\"og:title\" content=\"Ausstellung \u00abReise ins Land des Scherenschnitts\u00bb von St\u00e9phanie Miguet | Pays d&#039;Enhaut\" \/>\n<meta property=\"og:description\" content=\"Entdecken Sie St\u00e9phanie Miguets poetische Welt, in der zeitgen\u00f6ssischer Scherenschnitt auf das Kulturerbe des Pays-d\u2019Enhaut trifft.\" \/>\n<meta property=\"og:url\" content=\"https:\/\/pays-denhaut.ch\/agenda\/ausstellung-reise-ins-land-des-scherenschnitts-von-stephanie-miguet\/\" \/>\n<meta property=\"og:site_name\" content=\"Pays d&#039;Enhaut\" \/>\n<meta name=\"twitter:card\" content=\"summary_large_image\" \/>\n<script type=\"application\/ld+json\" class=\"yoast-schema-graph\">{\"@context\":\"https:\\\/\\\/schema.org\",\"@graph\":[{\"@type\":\"WebPage\",\"@id\":\"https:\\\/\\\/pays-denhaut.ch\\\/agenda\\\/ausstellung-reise-ins-land-des-scherenschnitts-von-stephanie-miguet\\\/\",\"url\":\"https:\\\/\\\/pays-denhaut.ch\\\/agenda\\\/ausstellung-reise-ins-land-des-scherenschnitts-von-stephanie-miguet\\\/\",\"name\":\"Ausstellung \u00abReise ins Land des Scherenschnitts\u00bb von St\u00e9phanie Miguet | Pays d&#039;Enhaut\",\"isPartOf\":{\"@id\":\"https:\\\/\\\/pays-denhaut.ch\\\/#website\"},\"primaryImageOfPage\":{\"@id\":\"https:\\\/\\\/pays-denhaut.ch\\\/agenda\\\/ausstellung-reise-ins-land-des-scherenschnitts-von-stephanie-miguet\\\/#primaryimage\"},\"image\":{\"@id\":\"https:\\\/\\\/pays-denhaut.ch\\\/agenda\\\/ausstellung-reise-ins-land-des-scherenschnitts-von-stephanie-miguet\\\/#primaryimage\"},\"thumbnailUrl\":\"https:\\\/\\\/pays-denhaut.ch\\\/wp-content\\\/uploads\\\/2026\\\/08\\\/01m0vy84nf89msxcshe14mg7x9-6a8d48f48a1f5.png\",\"datePublished\":\"2026-08-25T07:49:11+00:00\",\"breadcrumb\":{\"@id\":\"https:\\\/\\\/pays-denhaut.ch\\\/agenda\\\/ausstellung-reise-ins-land-des-scherenschnitts-von-stephanie-miguet\\\/#breadcrumb\"},\"inLanguage\":\"de\",\"potentialAction\":[{\"@type\":\"ReadAction\",\"target\":[\"https:\\\/\\\/pays-denhaut.ch\\\/agenda\\\/ausstellung-reise-ins-land-des-scherenschnitts-von-stephanie-miguet\\\/\"]}]},{\"@type\":\"ImageObject\",\"inLanguage\":\"de\",\"@id\":\"https:\\\/\\\/pays-denhaut.ch\\\/agenda\\\/ausstellung-reise-ins-land-des-scherenschnitts-von-stephanie-miguet\\\/#primaryimage\",\"url\":\"https:\\\/\\\/pays-denhaut.ch\\\/wp-content\\\/uploads\\\/2026\\\/08\\\/01m0vy84nf89msxcshe14mg7x9-6a8d48f48a1f5.png\",\"contentUrl\":\"https:\\\/\\\/pays-denhaut.ch\\\/wp-content\\\/uploads\\\/2026\\\/08\\\/01m0vy84nf89msxcshe14mg7x9-6a8d48f48a1f5.png\",\"width\":1500,\"height\":1103},{\"@type\":\"BreadcrumbList\",\"@id\":\"https:\\\/\\\/pays-denhaut.ch\\\/agenda\\\/ausstellung-reise-ins-land-des-scherenschnitts-von-stephanie-miguet\\\/#breadcrumb\",\"itemListElement\":[{\"@type\":\"ListItem\",\"position\":1,\"name\":\"Accueil\",\"item\":\"https:\\\/\\\/pays-denhaut.ch\\\/de\\\/\"},{\"@type\":\"ListItem\",\"position\":2,\"name\":\"Ausstellung \u00abReise ins Land des Scherenschnitts\u00bb von St\u00e9phanie Miguet\"}]},{\"@type\":\"WebSite\",\"@id\":\"https:\\\/\\\/pays-denhaut.ch\\\/#website\",\"url\":\"https:\\\/\\\/pays-denhaut.ch\\\/\",\"name\":\"Pays d'Enhaut\",\"description\":\"\",\"potentialAction\":[{\"@type\":\"SearchAction\",\"target\":{\"@type\":\"EntryPoint\",\"urlTemplate\":\"https:\\\/\\\/pays-denhaut.ch\\\/?s={search_term_string}\"},\"query-input\":{\"@type\":\"PropertyValueSpecification\",\"valueRequired\":true,\"valueName\":\"search_term_string\"}}],\"inLanguage\":\"de\"}]}<\/script>\n<!-- \/ Yoast SEO plugin. -->","yoast_head_json":{"title":"Ausstellung \u00abReise ins Land des Scherenschnitts\u00bb von St\u00e9phanie Miguet | Pays d&#039;Enhaut","robots":{"index":"index","follow":"follow","max-snippet":"max-snippet:-1","max-image-preview":"max-image-preview:large","max-video-preview":"max-video-preview:-1"},"canonical":"https:\/\/pays-denhaut.ch\/agenda\/ausstellung-reise-ins-land-des-scherenschnitts-von-stephanie-miguet\/","og_locale":"de_DE","og_type":"article","og_title":"Ausstellung \u00abReise ins Land des Scherenschnitts\u00bb von St\u00e9phanie Miguet | Pays d&#039;Enhaut","og_description":"Entdecken Sie St\u00e9phanie Miguets poetische Welt, in der zeitgen\u00f6ssischer Scherenschnitt auf das Kulturerbe des Pays-d\u2019Enhaut trifft.","og_url":"https:\/\/pays-denhaut.ch\/agenda\/ausstellung-reise-ins-land-des-scherenschnitts-von-stephanie-miguet\/","og_site_name":"Pays d&#039;Enhaut","twitter_card":"summary_large_image","schema":{"@context":"https:\/\/schema.org","@graph":[{"@type":"WebPage","@id":"https:\/\/pays-denhaut.ch\/agenda\/ausstellung-reise-ins-land-des-scherenschnitts-von-stephanie-miguet\/","url":"https:\/\/pays-denhaut.ch\/agenda\/ausstellung-reise-ins-land-des-scherenschnitts-von-stephanie-miguet\/","name":"Ausstellung \u00abReise ins Land des Scherenschnitts\u00bb von St\u00e9phanie Miguet | Pays d&#039;Enhaut","isPartOf":{"@id":"https:\/\/pays-denhaut.ch\/#website"},"primaryImageOfPage":{"@id":"https:\/\/pays-denhaut.ch\/agenda\/ausstellung-reise-ins-land-des-scherenschnitts-von-stephanie-miguet\/#primaryimage"},"image":{"@id":"https:\/\/pays-denhaut.ch\/agenda\/ausstellung-reise-ins-land-des-scherenschnitts-von-stephanie-miguet\/#primaryimage"},"thumbnailUrl":"https:\/\/pays-denhaut.ch\/wp-content\/uploads\/2026\/08\/01m0vy84nf89msxcshe14mg7x9-6a8d48f48a1f5.png","datePublished":"2026-08-25T07:49:11+00:00","breadcrumb":{"@id":"https:\/\/pays-denhaut.ch\/agenda\/ausstellung-reise-ins-land-des-scherenschnitts-von-stephanie-miguet\/#breadcrumb"},"inLanguage":"de","potentialAction":[{"@type":"ReadAction","target":["https:\/\/pays-denhaut.ch\/agenda\/ausstellung-reise-ins-land-des-scherenschnitts-von-stephanie-miguet\/"]}]},{"@type":"ImageObject","inLanguage":"de","@id":"https:\/\/pays-denhaut.ch\/agenda\/ausstellung-reise-ins-land-des-scherenschnitts-von-stephanie-miguet\/#primaryimage","url":"https:\/\/pays-denhaut.ch\/wp-content\/uploads\/2026\/08\/01m0vy84nf89msxcshe14mg7x9-6a8d48f48a1f5.png","contentUrl":"https:\/\/pays-denhaut.ch\/wp-content\/uploads\/2026\/08\/01m0vy84nf89msxcshe14mg7x9-6a8d48f48a1f5.png","width":1500,"height":1103},{"@type":"BreadcrumbList","@id":"https:\/\/pays-denhaut.ch\/agenda\/ausstellung-reise-ins-land-des-scherenschnitts-von-stephanie-miguet\/#breadcrumb","itemListElement":[{"@type":"ListItem","position":1,"name":"Accueil","item":"https:\/\/pays-denhaut.ch\/de\/"},{"@type":"ListItem","position":2,"name":"Ausstellung \u00abReise ins Land des Scherenschnitts\u00bb von St\u00e9phanie Miguet"}]},{"@type":"WebSite","@id":"https:\/\/pays-denhaut.ch\/#website","url":"https:\/\/pays-denhaut.ch\/","name":"Pays d'Enhaut","description":"","potentialAction":[{"@type":"SearchAction","target":{"@type":"EntryPoint","urlTemplate":"https:\/\/pays-denhaut.ch\/?s={search_term_string}"},"query-input":{"@type":"PropertyValueSpecification","valueRequired":true,"valueName":"search_term_string"}}],"inLanguage":"de"}]}},"_links":{"self":[{"href":"https:\/\/pays-denhaut.ch\/de\/wp-json\/wp\/v2\/events\/15944","targetHints":{"allow":["GET"]}}],"collection":[{"href":"https:\/\/pays-denhaut.ch\/de\/wp-json\/wp\/v2\/events"}],"about":[{"href":"https:\/\/pays-denhaut.ch\/de\/wp-json\/wp\/v2\/types\/events"}],"wp:featuredmedia":[{"embeddable":true,"href":"https:\/\/pays-denhaut.ch\/de\/wp-json\/wp\/v2\/media\/15942"}],"wp:attachment":[{"href":"https:\/\/pays-denhaut.ch\/de\/wp-json\/wp\/v2\/media?parent=15944"}],"wp:term":[{"taxonomy":"event_type","embeddable":true,"href":"https:\/\/pays-denhaut.ch\/de\/wp-json\/wp\/v2\/event_type?post=15944"}],"curies":[{"name":"wp","href":"https:\/\/api.w.org\/{rel}","templated":true}]}}