{"id":13934,"date":"2026-06-16T10:05:07","date_gmt":"2026-06-16T08:05:07","guid":{"rendered":"https:\/\/pays-denhaut.ch\/agenda\/letivaz-desalpe\/"},"modified":"2026-08-26T17:33:28","modified_gmt":"2026-08-26T15:33:28","slug":"letivaz-desalpe","status":"publish","type":"events","link":"https:\/\/pays-denhaut.ch\/de\/agenda\/letivaz-desalpe\/","title":{"rendered":"Alpabzug von L\u2019Etivaz"},"parent":0,"template":"","event_type":[],"class_list":["post-13934","events","type-events","status-publish","has-post-thumbnail","hentry"],"acf":{"event_pass":false,"event_carousel_title":"Alpabzug von L\u2019Etivaz in Bildern","event_summary":"Erleben Sie den traditionellen Alpabzug in L\u2019Etivaz mit geschm\u00fcckten Herden, Brauchtum, Handwerk und regionalen Spezialit\u00e4ten.","event_intro_intro":"<p>Nach einem Sommer auf den Alpweiden kehren die Herden f\u00fcr den Winter ins Tal zur\u00fcck. In L\u2019Etivaz wird dieser Alpabzug zu einem grossen Volksfest, bei dem Einheimische und G\u00e4ste gemeinsam das lebendige alpine Brauchtum feiern.<\/p>\n<p>F\u00fcr diesen besonderen Anlass werden die K\u00fche mit Blumen geschm\u00fcckt und tragen ihre sch\u00f6nsten Glocken. Begleitet von den Armaillis, den traditionellen Sennen, ziehen die Herden unter dem Applaus des Publikums durch das Dorf. Den ganzen Tag \u00fcber sorgen Alphornkl\u00e4nge, Fahnenschwingen, Jodel, Schwingvorf\u00fchrungen, Treichler und ein Handwerksmarkt f\u00fcr eine festliche Atmosph\u00e4re.<\/p>\n<p>Auch die regionalen Spezialit\u00e4ten stehen im Mittelpunkt, allen voran der L\u2019Etivaz AOP. Dieser charaktervolle K\u00e4se wird traditionell auf der Alp hergestellt und anschliessend in den Kellern des Dorfes gereift. Er verk\u00f6rpert wie kaum ein anderes Produkt die Verbindung zwischen Bergwelt, Handwerk und Tradition.<\/p>\n","event_descr":"<p>Am Ende des Sommers feiert L\u2019Etivaz die R\u00fcckkehr der Herden ins Tal. Blumengeschm\u00fcckte K\u00fche, Glocken, Musik, Schwingen, Handwerk und regionale Spezialit\u00e4ten pr\u00e4gen diesen traditionsreichen Tag im Pays-d\u2019Enhaut.<\/p>\n","event_place_label":"Coop\u00e9rative des producteurs de fromages d'alpages \"L'Etivaz AOP\"","event_place_url":"https:\/\/www.google.com\/maps\/search\/?api=1&query=Coop%C3%A9rative+des+producteurs+de+fromages+d%27alpages+%22L%27Etivaz+AOP%22","event_web_label":"https:\/\/www.etivaz-aop.ch\/","event_web_url":"https:\/\/www.etivaz-aop.ch\/","event_mail_label":"cooperative@etivaz-aop.ch","event_mail_url":"cooperative@etivaz-aop.ch","event_phone_label":"+41269246281","event_phone_url":"+41269246281","event_steps":[{"id":"01kbyt6dqk4acnjfsh5zdz3yyz","long":"7.1449927311915","lat":"46.424221243733","name":"Coop\u00e9rative des producteurs de fromages d'alpages \"L'Etivaz AOP\"","tag":"","descr":"","img":false,"address_name":"Coop\u00e9rative des producteurs de fromages d'alpages \"L'Etivaz AOP\"","address_street":"Route des Mosses 78, 1660 l'Etivaz","address_url":"https:\/\/www.google.com\/maps\/search\/?api=1&query=Route+des+Mosses+78%2C+1660+l%27Etivaz"}],"event_practice":"<p><strong>Programm<\/strong><\/p>\n<p>Ab 08.00 Uhr: Beginn des Umzugs der geschm\u00fcckten Herden im Herzen des Dorfes. Die K\u00fche ziehen w\u00e4hrend des gesamten Vormittags in regelm\u00e4ssigen Abst\u00e4nden durch den Ort.<\/p>\n<p>Von 09.00 bis 17.00 Uhr: Der grosse Handwerksmarkt ist ge\u00f6ffnet. Auf dem Festgel\u00e4nde finden zudem Vorf\u00fchrungen zur K\u00e4seherstellung statt.<\/p>\n<p>Den ganzen Tag: traditionelles Unterhaltungsprogramm mit Fahnenschwingen, Alphornbl\u00e4sern, Jodlern, Kleintieren und einem K\u00e4sewettbewerb auf dem Festgel\u00e4nde.<\/p>\n<p>Gegen 14.00-15.00 Uhr: Degustation und Bewertung der K\u00e4se durch eine Fachjury, der unter anderem Laetitia Gaborit, Meilleure Ouvri\u00e8re de France im Bereich K\u00e4se, sowie mehrere Fachpersonen angeh\u00f6ren. Drei Auszeichnungen werden vergeben: der Publikumspreis der Kinder, der Publikumspreis der Erwachsenen und der Jurypreis.<\/p>\n<p>Die Gewinnerinnen und Gewinner werden nach der Beratung der Jury bekannt gegeben und gemeinsam mit ihren Familien zum Abendessen im Festzelt der D\u00e9salpe eingeladen, wo ihnen ihre Preise \u00fcberreicht werden.<\/p>\n<p>Ab 19.00 Uhr: festlicher und traditioneller Abend im beheizten Festzelt mit Grilladen, Raclette und Live-Musik.<\/p>\n<p><strong>Anreise und Parkpl\u00e4tze<\/strong><\/p>\n<p>Von der direkten Anreise mit dem Auto ins Zentrum von L\u2019Etivaz wird aufgrund der Herdenumz\u00fcge und der damit verbundenen Verkehrsbehinderungen dringend abgeraten. Kostenlose Park-and-Ride-Parkpl\u00e4tze stehen ausserhalb des Festgel\u00e4ndes zur Verf\u00fcgung, insbesondere bei der Landi in Ch\u00e2teau-d\u2019\u0152x.<\/p>\n<p><strong>Tages-Shuttles<\/strong><\/p>\n<p>Von 07.00 bis 18.00 Uhr verkehren laufend kostenlose Shuttlebusse zwischen den Parkpl\u00e4tzen und dem Veranstaltungszentrum. Eine vorg\u00e4ngige Reservation ist nicht erforderlich.<\/p>\n<p><strong>Abend-Shuttlebusse<\/strong><\/p>\n<p>F\u00fcr G\u00e4ste, die das Fest am Abend verl\u00e4ngern m\u00f6chten, sind Verbindungen zwischen L\u2019Etivaz und der Landi in Ch\u00e2teau-d\u2019\u0152x um 18.00, 19.00 und 20.00 Uhr vorgesehen. Ab 23.30 Uhr wird zus\u00e4tzlich ein \u00abPyjama-Bus\u00bb angeboten.<\/p>\n<p><strong>Anreise mit \u00f6ffentlichen Verkehrsmitteln<\/strong><\/p>\n<p>Die TPC-Buslinie Ch\u00e2teau-d\u2019\u0152x \u2013 Col des Mosses bedient die Haltestelle \u00abMaison de L\u2019Etivaz\u00bb st\u00fcndlich.<\/p>\n<p><strong>Eintritt<\/strong><\/p>\n<p>Der Eintritt kostet CHF 10.- pro erwachsene Person. F\u00fcr Kinder bis 16 Jahre ist der Eintritt kostenlos.<\/p>\n<p><strong>Tickets<\/strong><\/p>\n<p>Eine vorg\u00e4ngige Reservation ist nicht erforderlich. Der Eintritts-Pin kann direkt bei den Helferinnen und Helfern an den verschiedenen Empfangspunkten sowie bei den Shuttle-Abfahrtsstellen gekauft werden. Die Bezahlung mit TWINT ist vor Ort m\u00f6glich.<\/p>\n","event_prices":[{"public":"Preise","price":"8 CHF"}],"event_dates":[{"start_date":"20260926","end_date":"20260926","schedules":[{"day":"saturday","start_hour":"08:00:00","end_hour":"00:00:00"}]}],"has_offer":false,"event_credit":"\u00ae Pays-d'Enhaut Tourisme","event_img":"https:\/\/pays-denhaut.ch\/wp-content\/uploads\/2026\/03\/01kbytcp54f15m3s0y888hda67-69b90beb2eb29.png","event_carousel":[{"ID":11149,"id":11149,"title":"D\u00e9salpe de L\u2019Etivaz - Image 1","filename":"01kbytckzp4rm0nb9z5e0mw7c4-69b90bee37087.jpg","filesize":247690,"url":"https:\/\/pays-denhaut.ch\/wp-content\/uploads\/2026\/03\/01kbytckzp4rm0nb9z5e0mw7c4-69b90bee37087.jpg","link":"https:\/\/pays-denhaut.ch\/de\/agenda\/desalpe-de-letivaz\/attachment\/desalpe-de-letivaz-image-1-2\/","alt":"D\u00e9salpe","author":"0","description":"","caption":"OTV","name":"desalpe-de-letivaz-image-1-2","status":"inherit","uploaded_to":5434,"date":"2026-03-17 08:08:14","modified":"2026-08-26 15:33:22","menu_order":0,"mime_type":"image\/jpeg","type":"image","subtype":"jpeg","icon":"https:\/\/pays-denhaut.ch\/wp-includes\/images\/media\/default.png","width":1500,"height":639,"sizes":{"thumbnail":"https:\/\/pays-denhaut.ch\/wp-content\/uploads\/2026\/03\/01kbytckzp4rm0nb9z5e0mw7c4-69b90bee37087-150x150.jpg","thumbnail-width":150,"thumbnail-height":150,"medium":"https:\/\/pays-denhaut.ch\/wp-content\/uploads\/2026\/03\/01kbytckzp4rm0nb9z5e0mw7c4-69b90bee37087-300x128.jpg","medium-width":300,"medium-height":128,"medium_large":"https:\/\/pays-denhaut.ch\/wp-content\/uploads\/2026\/03\/01kbytckzp4rm0nb9z5e0mw7c4-69b90bee37087-768x327.jpg","medium_large-width":768,"medium_large-height":327,"large":"https:\/\/pays-denhaut.ch\/wp-content\/uploads\/2026\/03\/01kbytckzp4rm0nb9z5e0mw7c4-69b90bee37087-1024x436.jpg","large-width":1024,"large-height":436,"1536x1536":"https:\/\/pays-denhaut.ch\/wp-content\/uploads\/2026\/03\/01kbytckzp4rm0nb9z5e0mw7c4-69b90bee37087.jpg","1536x1536-width":1500,"1536x1536-height":639,"2048x2048":"https:\/\/pays-denhaut.ch\/wp-content\/uploads\/2026\/03\/01kbytckzp4rm0nb9z5e0mw7c4-69b90bee37087.jpg","2048x2048-width":1500,"2048x2048-height":639,"gform-image-choice-sm":"https:\/\/pays-denhaut.ch\/wp-content\/uploads\/2026\/03\/01kbytckzp4rm0nb9z5e0mw7c4-69b90bee37087.jpg","gform-image-choice-sm-width":300,"gform-image-choice-sm-height":128,"gform-image-choice-md":"https:\/\/pays-denhaut.ch\/wp-content\/uploads\/2026\/03\/01kbytckzp4rm0nb9z5e0mw7c4-69b90bee37087.jpg","gform-image-choice-md-width":400,"gform-image-choice-md-height":170,"gform-image-choice-lg":"https:\/\/pays-denhaut.ch\/wp-content\/uploads\/2026\/03\/01kbytckzp4rm0nb9z5e0mw7c4-69b90bee37087.jpg","gform-image-choice-lg-width":600,"gform-image-choice-lg-height":256}},{"ID":11150,"id":11150,"title":"D\u00e9salpe de L\u2019Etivaz - Image 2","filename":"01kbytcmj48cqjzd4zyd21h6td-69b90bef2733e.png","filesize":2168579,"url":"https:\/\/pays-denhaut.ch\/wp-content\/uploads\/2026\/03\/01kbytcmj48cqjzd4zyd21h6td-69b90bef2733e.png","link":"https:\/\/pays-denhaut.ch\/de\/agenda\/desalpe-de-letivaz\/attachment\/desalpe-de-letivaz-image-2-2\/","alt":"bell ringers d\u00e9salpe de L'Etivaz - Autumn - l'Etivaz - Pays-d'Enhaut Region","author":"0","description":"","caption":"Pays-d'Enhaut Tourisme","name":"desalpe-de-letivaz-image-2-2","status":"inherit","uploaded_to":5434,"date":"2026-03-17 08:08:17","modified":"2026-08-26 15:33:22","menu_order":0,"mime_type":"image\/png","type":"image","subtype":"png","icon":"https:\/\/pays-denhaut.ch\/wp-includes\/images\/media\/default.png","width":1500,"height":900,"sizes":{"thumbnail":"https:\/\/pays-denhaut.ch\/wp-content\/uploads\/2026\/03\/01kbytcmj48cqjzd4zyd21h6td-69b90bef2733e-150x150.png","thumbnail-width":150,"thumbnail-height":150,"medium":"https:\/\/pays-denhaut.ch\/wp-content\/uploads\/2026\/03\/01kbytcmj48cqjzd4zyd21h6td-69b90bef2733e-300x180.png","medium-width":300,"medium-height":180,"medium_large":"https:\/\/pays-denhaut.ch\/wp-content\/uploads\/2026\/03\/01kbytcmj48cqjzd4zyd21h6td-69b90bef2733e-768x461.png","medium_large-width":768,"medium_large-height":461,"large":"https:\/\/pays-denhaut.ch\/wp-content\/uploads\/2026\/03\/01kbytcmj48cqjzd4zyd21h6td-69b90bef2733e-1024x614.png","large-width":1024,"large-height":614,"1536x1536":"https:\/\/pays-denhaut.ch\/wp-content\/uploads\/2026\/03\/01kbytcmj48cqjzd4zyd21h6td-69b90bef2733e.png","1536x1536-width":1500,"1536x1536-height":900,"2048x2048":"https:\/\/pays-denhaut.ch\/wp-content\/uploads\/2026\/03\/01kbytcmj48cqjzd4zyd21h6td-69b90bef2733e.png","2048x2048-width":1500,"2048x2048-height":900,"gform-image-choice-sm":"https:\/\/pays-denhaut.ch\/wp-content\/uploads\/2026\/03\/01kbytcmj48cqjzd4zyd21h6td-69b90bef2733e.png","gform-image-choice-sm-width":300,"gform-image-choice-sm-height":180,"gform-image-choice-md":"https:\/\/pays-denhaut.ch\/wp-content\/uploads\/2026\/03\/01kbytcmj48cqjzd4zyd21h6td-69b90bef2733e.png","gform-image-choice-md-width":400,"gform-image-choice-md-height":240,"gform-image-choice-lg":"https:\/\/pays-denhaut.ch\/wp-content\/uploads\/2026\/03\/01kbytcmj48cqjzd4zyd21h6td-69b90bef2733e.png","gform-image-choice-lg-width":600,"gform-image-choice-lg-height":360}},{"ID":11151,"id":11151,"title":"D\u00e9salpe de L\u2019Etivaz - Image 3","filename":"01kbytcn3q4m98j2xkwsstkh9j-69b90bf3189c6.jpg","filesize":283968,"url":"https:\/\/pays-denhaut.ch\/wp-content\/uploads\/2026\/03\/01kbytcn3q4m98j2xkwsstkh9j-69b90bf3189c6.jpg","link":"https:\/\/pays-denhaut.ch\/de\/agenda\/desalpe-de-letivaz\/attachment\/desalpe-de-letivaz-image-3-2\/","alt":"D\u00e9salpe in L\u2019Etivaz","author":"0","description":"","caption":"Pays-d'Enhaut Tourisme","name":"desalpe-de-letivaz-image-3-2","status":"inherit","uploaded_to":5434,"date":"2026-03-17 08:08:20","modified":"2026-08-26 15:33:22","menu_order":0,"mime_type":"image\/jpeg","type":"image","subtype":"jpeg","icon":"https:\/\/pays-denhaut.ch\/wp-includes\/images\/media\/default.png","width":1500,"height":844,"sizes":{"thumbnail":"https:\/\/pays-denhaut.ch\/wp-content\/uploads\/2026\/03\/01kbytcn3q4m98j2xkwsstkh9j-69b90bf3189c6-150x150.jpg","thumbnail-width":150,"thumbnail-height":150,"medium":"https:\/\/pays-denhaut.ch\/wp-content\/uploads\/2026\/03\/01kbytcn3q4m98j2xkwsstkh9j-69b90bf3189c6-300x169.jpg","medium-width":300,"medium-height":169,"medium_large":"https:\/\/pays-denhaut.ch\/wp-content\/uploads\/2026\/03\/01kbytcn3q4m98j2xkwsstkh9j-69b90bf3189c6-768x432.jpg","medium_large-width":768,"medium_large-height":432,"large":"https:\/\/pays-denhaut.ch\/wp-content\/uploads\/2026\/03\/01kbytcn3q4m98j2xkwsstkh9j-69b90bf3189c6-1024x576.jpg","large-width":1024,"large-height":576,"1536x1536":"https:\/\/pays-denhaut.ch\/wp-content\/uploads\/2026\/03\/01kbytcn3q4m98j2xkwsstkh9j-69b90bf3189c6.jpg","1536x1536-width":1500,"1536x1536-height":844,"2048x2048":"https:\/\/pays-denhaut.ch\/wp-content\/uploads\/2026\/03\/01kbytcn3q4m98j2xkwsstkh9j-69b90bf3189c6.jpg","2048x2048-width":1500,"2048x2048-height":844,"gform-image-choice-sm":"https:\/\/pays-denhaut.ch\/wp-content\/uploads\/2026\/03\/01kbytcn3q4m98j2xkwsstkh9j-69b90bf3189c6.jpg","gform-image-choice-sm-width":300,"gform-image-choice-sm-height":169,"gform-image-choice-md":"https:\/\/pays-denhaut.ch\/wp-content\/uploads\/2026\/03\/01kbytcn3q4m98j2xkwsstkh9j-69b90bf3189c6.jpg","gform-image-choice-md-width":400,"gform-image-choice-md-height":225,"gform-image-choice-lg":"https:\/\/pays-denhaut.ch\/wp-content\/uploads\/2026\/03\/01kbytcn3q4m98j2xkwsstkh9j-69b90bf3189c6.jpg","gform-image-choice-lg-width":600,"gform-image-choice-lg-height":338}},{"ID":11152,"id":11152,"title":"D\u00e9salpe de L\u2019Etivaz - Image 4","filename":"01kbytcphtg5jeee24zg6kbaj4-69b90bf462ece.jpg","filesize":299166,"url":"https:\/\/pays-denhaut.ch\/wp-content\/uploads\/2026\/03\/01kbytcphtg5jeee24zg6kbaj4-69b90bf462ece.jpg","link":"https:\/\/pays-denhaut.ch\/de\/agenda\/desalpe-de-letivaz\/attachment\/desalpe-de-letivaz-image-4\/","alt":"D\u00e9salpe in L\u2019Etivaz","author":"0","description":"","caption":"Pays-d'Enhaut Tourisme","name":"desalpe-de-letivaz-image-4","status":"inherit","uploaded_to":5434,"date":"2026-03-17 08:08:21","modified":"2026-08-26 15:33:22","menu_order":0,"mime_type":"image\/jpeg","type":"image","subtype":"jpeg","icon":"https:\/\/pays-denhaut.ch\/wp-includes\/images\/media\/default.png","width":1500,"height":844,"sizes":{"thumbnail":"https:\/\/pays-denhaut.ch\/wp-content\/uploads\/2026\/03\/01kbytcphtg5jeee24zg6kbaj4-69b90bf462ece-150x150.jpg","thumbnail-width":150,"thumbnail-height":150,"medium":"https:\/\/pays-denhaut.ch\/wp-content\/uploads\/2026\/03\/01kbytcphtg5jeee24zg6kbaj4-69b90bf462ece-300x169.jpg","medium-width":300,"medium-height":169,"medium_large":"https:\/\/pays-denhaut.ch\/wp-content\/uploads\/2026\/03\/01kbytcphtg5jeee24zg6kbaj4-69b90bf462ece-768x432.jpg","medium_large-width":768,"medium_large-height":432,"large":"https:\/\/pays-denhaut.ch\/wp-content\/uploads\/2026\/03\/01kbytcphtg5jeee24zg6kbaj4-69b90bf462ece-1024x576.jpg","large-width":1024,"large-height":576,"1536x1536":"https:\/\/pays-denhaut.ch\/wp-content\/uploads\/2026\/03\/01kbytcphtg5jeee24zg6kbaj4-69b90bf462ece.jpg","1536x1536-width":1500,"1536x1536-height":844,"2048x2048":"https:\/\/pays-denhaut.ch\/wp-content\/uploads\/2026\/03\/01kbytcphtg5jeee24zg6kbaj4-69b90bf462ece.jpg","2048x2048-width":1500,"2048x2048-height":844,"gform-image-choice-sm":"https:\/\/pays-denhaut.ch\/wp-content\/uploads\/2026\/03\/01kbytcphtg5jeee24zg6kbaj4-69b90bf462ece.jpg","gform-image-choice-sm-width":300,"gform-image-choice-sm-height":169,"gform-image-choice-md":"https:\/\/pays-denhaut.ch\/wp-content\/uploads\/2026\/03\/01kbytcphtg5jeee24zg6kbaj4-69b90bf462ece.jpg","gform-image-choice-md-width":400,"gform-image-choice-md-height":225,"gform-image-choice-lg":"https:\/\/pays-denhaut.ch\/wp-content\/uploads\/2026\/03\/01kbytcphtg5jeee24zg6kbaj4-69b90bf462ece.jpg","gform-image-choice-lg-width":600,"gform-image-choice-lg-height":338}}]},"yoast_head":"<!-- This site is optimized with the Yoast SEO plugin v28.0 - https:\/\/yoast.com\/product\/yoast-seo-wordpress\/ -->\n<title>Alpabzug von L\u2019Etivaz | Pays d&#039;Enhaut<\/title>\n<meta name=\"robots\" content=\"index, follow, max-snippet:-1, max-image-preview:large, max-video-preview:-1\" \/>\n<link rel=\"canonical\" href=\"https:\/\/pays-denhaut.ch\/de\/agenda\/letivaz-desalpe\/\" \/>\n<meta property=\"og:locale\" content=\"de_DE\" \/>\n<meta property=\"og:type\" content=\"article\" \/>\n<meta property=\"og:title\" content=\"Alpabzug von L\u2019Etivaz | Pays d&#039;Enhaut\" \/>\n<meta property=\"og:description\" content=\"Erleben Sie den traditionellen Alpabzug in L\u2019Etivaz mit geschm\u00fcckten Herden, Brauchtum, Handwerk und regionalen Spezialit\u00e4ten.\" \/>\n<meta property=\"og:url\" content=\"https:\/\/pays-denhaut.ch\/de\/agenda\/letivaz-desalpe\/\" \/>\n<meta property=\"og:site_name\" content=\"Pays d&#039;Enhaut\" \/>\n<meta property=\"article:modified_time\" content=\"2026-08-26T15:33:28+00:00\" \/>\n<meta property=\"og:image\" content=\"https:\/\/pays-denhaut.ch\/wp-content\/uploads\/2026\/03\/01kbytcp54f15m3s0y888hda67-69b90beb2eb29-1024x614.png\" \/>\n\t<meta property=\"og:image:width\" content=\"1024\" \/>\n\t<meta property=\"og:image:height\" content=\"614\" \/>\n\t<meta property=\"og:image:type\" content=\"image\/png\" \/>\n<meta name=\"twitter:card\" content=\"summary_large_image\" \/>\n<script type=\"application\/ld+json\" class=\"yoast-schema-graph\">{\"@context\":\"https:\\\/\\\/schema.org\",\"@graph\":[{\"@type\":\"WebPage\",\"@id\":\"https:\\\/\\\/pays-denhaut.ch\\\/de\\\/agenda\\\/letivaz-desalpe\\\/\",\"url\":\"https:\\\/\\\/pays-denhaut.ch\\\/de\\\/agenda\\\/letivaz-desalpe\\\/\",\"name\":\"Alpabzug von L\u2019Etivaz | Pays d&#039;Enhaut\",\"isPartOf\":{\"@id\":\"https:\\\/\\\/pays-denhaut.ch\\\/#website\"},\"primaryImageOfPage\":{\"@id\":\"https:\\\/\\\/pays-denhaut.ch\\\/de\\\/agenda\\\/letivaz-desalpe\\\/#primaryimage\"},\"image\":{\"@id\":\"https:\\\/\\\/pays-denhaut.ch\\\/de\\\/agenda\\\/letivaz-desalpe\\\/#primaryimage\"},\"thumbnailUrl\":\"https:\\\/\\\/pays-denhaut.ch\\\/wp-content\\\/uploads\\\/2026\\\/03\\\/01kbytcp54f15m3s0y888hda67-69b90beb2eb29.png\",\"datePublished\":\"2026-06-16T08:05:07+00:00\",\"dateModified\":\"2026-08-26T15:33:28+00:00\",\"breadcrumb\":{\"@id\":\"https:\\\/\\\/pays-denhaut.ch\\\/de\\\/agenda\\\/letivaz-desalpe\\\/#breadcrumb\"},\"inLanguage\":\"de\",\"potentialAction\":[{\"@type\":\"ReadAction\",\"target\":[\"https:\\\/\\\/pays-denhaut.ch\\\/de\\\/agenda\\\/letivaz-desalpe\\\/\"]}]},{\"@type\":\"ImageObject\",\"inLanguage\":\"de\",\"@id\":\"https:\\\/\\\/pays-denhaut.ch\\\/de\\\/agenda\\\/letivaz-desalpe\\\/#primaryimage\",\"url\":\"https:\\\/\\\/pays-denhaut.ch\\\/wp-content\\\/uploads\\\/2026\\\/03\\\/01kbytcp54f15m3s0y888hda67-69b90beb2eb29.png\",\"contentUrl\":\"https:\\\/\\\/pays-denhaut.ch\\\/wp-content\\\/uploads\\\/2026\\\/03\\\/01kbytcp54f15m3s0y888hda67-69b90beb2eb29.png\",\"width\":1500,\"height\":900,\"caption\":\"\u00ae Pays-d'Enhaut Tourisme\"},{\"@type\":\"BreadcrumbList\",\"@id\":\"https:\\\/\\\/pays-denhaut.ch\\\/de\\\/agenda\\\/letivaz-desalpe\\\/#breadcrumb\",\"itemListElement\":[{\"@type\":\"ListItem\",\"position\":1,\"name\":\"Accueil\",\"item\":\"https:\\\/\\\/pays-denhaut.ch\\\/de\\\/\"},{\"@type\":\"ListItem\",\"position\":2,\"name\":\"Alpabzug von L\u2019Etivaz\"}]},{\"@type\":\"WebSite\",\"@id\":\"https:\\\/\\\/pays-denhaut.ch\\\/#website\",\"url\":\"https:\\\/\\\/pays-denhaut.ch\\\/\",\"name\":\"Pays d'Enhaut\",\"description\":\"\",\"potentialAction\":[{\"@type\":\"SearchAction\",\"target\":{\"@type\":\"EntryPoint\",\"urlTemplate\":\"https:\\\/\\\/pays-denhaut.ch\\\/?s={search_term_string}\"},\"query-input\":{\"@type\":\"PropertyValueSpecification\",\"valueRequired\":true,\"valueName\":\"search_term_string\"}}],\"inLanguage\":\"de\"}]}<\/script>\n<!-- \/ Yoast SEO plugin. -->","yoast_head_json":{"title":"Alpabzug von L\u2019Etivaz | Pays d&#039;Enhaut","robots":{"index":"index","follow":"follow","max-snippet":"max-snippet:-1","max-image-preview":"max-image-preview:large","max-video-preview":"max-video-preview:-1"},"canonical":"https:\/\/pays-denhaut.ch\/de\/agenda\/letivaz-desalpe\/","og_locale":"de_DE","og_type":"article","og_title":"Alpabzug von L\u2019Etivaz | Pays d&#039;Enhaut","og_description":"Erleben Sie den traditionellen Alpabzug in L\u2019Etivaz mit geschm\u00fcckten Herden, Brauchtum, Handwerk und regionalen Spezialit\u00e4ten.","og_url":"https:\/\/pays-denhaut.ch\/de\/agenda\/letivaz-desalpe\/","og_site_name":"Pays d&#039;Enhaut","article_modified_time":"2026-08-26T15:33:28+00:00","og_image":[{"width":1024,"height":614,"url":"https:\/\/pays-denhaut.ch\/wp-content\/uploads\/2026\/03\/01kbytcp54f15m3s0y888hda67-69b90beb2eb29-1024x614.png","type":"image\/png"}],"twitter_card":"summary_large_image","schema":{"@context":"https:\/\/schema.org","@graph":[{"@type":"WebPage","@id":"https:\/\/pays-denhaut.ch\/de\/agenda\/letivaz-desalpe\/","url":"https:\/\/pays-denhaut.ch\/de\/agenda\/letivaz-desalpe\/","name":"Alpabzug von L\u2019Etivaz | Pays d&#039;Enhaut","isPartOf":{"@id":"https:\/\/pays-denhaut.ch\/#website"},"primaryImageOfPage":{"@id":"https:\/\/pays-denhaut.ch\/de\/agenda\/letivaz-desalpe\/#primaryimage"},"image":{"@id":"https:\/\/pays-denhaut.ch\/de\/agenda\/letivaz-desalpe\/#primaryimage"},"thumbnailUrl":"https:\/\/pays-denhaut.ch\/wp-content\/uploads\/2026\/03\/01kbytcp54f15m3s0y888hda67-69b90beb2eb29.png","datePublished":"2026-06-16T08:05:07+00:00","dateModified":"2026-08-26T15:33:28+00:00","breadcrumb":{"@id":"https:\/\/pays-denhaut.ch\/de\/agenda\/letivaz-desalpe\/#breadcrumb"},"inLanguage":"de","potentialAction":[{"@type":"ReadAction","target":["https:\/\/pays-denhaut.ch\/de\/agenda\/letivaz-desalpe\/"]}]},{"@type":"ImageObject","inLanguage":"de","@id":"https:\/\/pays-denhaut.ch\/de\/agenda\/letivaz-desalpe\/#primaryimage","url":"https:\/\/pays-denhaut.ch\/wp-content\/uploads\/2026\/03\/01kbytcp54f15m3s0y888hda67-69b90beb2eb29.png","contentUrl":"https:\/\/pays-denhaut.ch\/wp-content\/uploads\/2026\/03\/01kbytcp54f15m3s0y888hda67-69b90beb2eb29.png","width":1500,"height":900,"caption":"\u00ae Pays-d'Enhaut Tourisme"},{"@type":"BreadcrumbList","@id":"https:\/\/pays-denhaut.ch\/de\/agenda\/letivaz-desalpe\/#breadcrumb","itemListElement":[{"@type":"ListItem","position":1,"name":"Accueil","item":"https:\/\/pays-denhaut.ch\/de\/"},{"@type":"ListItem","position":2,"name":"Alpabzug von L\u2019Etivaz"}]},{"@type":"WebSite","@id":"https:\/\/pays-denhaut.ch\/#website","url":"https:\/\/pays-denhaut.ch\/","name":"Pays d'Enhaut","description":"","potentialAction":[{"@type":"SearchAction","target":{"@type":"EntryPoint","urlTemplate":"https:\/\/pays-denhaut.ch\/?s={search_term_string}"},"query-input":{"@type":"PropertyValueSpecification","valueRequired":true,"valueName":"search_term_string"}}],"inLanguage":"de"}]}},"_links":{"self":[{"href":"https:\/\/pays-denhaut.ch\/de\/wp-json\/wp\/v2\/events\/13934","targetHints":{"allow":["GET"]}}],"collection":[{"href":"https:\/\/pays-denhaut.ch\/de\/wp-json\/wp\/v2\/events"}],"about":[{"href":"https:\/\/pays-denhaut.ch\/de\/wp-json\/wp\/v2\/types\/events"}],"wp:featuredmedia":[{"embeddable":true,"href":"https:\/\/pays-denhaut.ch\/de\/wp-json\/wp\/v2\/media\/11148"}],"wp:attachment":[{"href":"https:\/\/pays-denhaut.ch\/de\/wp-json\/wp\/v2\/media?parent=13934"}],"wp:term":[{"taxonomy":"event_type","embeddable":true,"href":"https:\/\/pays-denhaut.ch\/de\/wp-json\/wp\/v2\/event_type?post=13934"}],"curies":[{"name":"wp","href":"https:\/\/api.w.org\/{rel}","templated":true}]}}